{"id":325699,"date":"2021-05-18T13:06:00","date_gmt":"2021-05-18T11:06:00","guid":{"rendered":"https:\/\/bpsiedlce.pl\/?page_id=325699"},"modified":"2024-03-04T11:58:38","modified_gmt":"2024-03-04T10:58:38","slug":"home","status":"publish","type":"page","link":"https:\/\/bpsiedlce.pl\/en\/","title":{"rendered":"Home"},"content":{"rendered":"\n<div class=\"wp-block-group alignfull blok-slider-dzielony is-layout-flow wp-block-group-is-layout-flow\"><div class=\"wp-block-group__inner-container\">\n<div class=\"wp-block-columns are-vertically-aligned-center is-layout-flex wp-container-core-columns-is-layout-28f84493 wp-block-columns-is-layout-flex\">\n<div class=\"wp-block-column is-vertically-aligned-center is-layout-flow wp-block-column-is-layout-flow\" style=\"flex-basis:66.66%\"><\/div>\n\n\n\n<div class=\"wp-block-column is-vertically-aligned-center is-layout-flow wp-block-column-is-layout-flow\" style=\"flex-basis:33.33%\">\n<figure class=\"wp-block-image aligncenter size-full is-resized\"><a href=\"https:\/\/katalog.bpsiedlce.pl\" target=\"_blank\" rel=\"noreferrer noopener\"><img loading=\"lazy\" decoding=\"async\" width=\"219\" height=\"78\" src=\"https:\/\/bpsiedlce.pl\/wp-content\/uploads\/sites\/5\/2021\/05\/2_integro.png\" alt=\"\" class=\"wp-image-199\" style=\"width:auto;height:46px\" srcset=\"https:\/\/bpsiedlce.pl\/wp-content\/uploads\/sites\/5\/2021\/05\/2_integro.png 219w, https:\/\/bpsiedlce.pl\/wp-content\/uploads\/sites\/5\/2021\/05\/2_integro-24x9.png 24w, https:\/\/bpsiedlce.pl\/wp-content\/uploads\/sites\/5\/2021\/05\/2_integro-36x13.png 36w, https:\/\/bpsiedlce.pl\/wp-content\/uploads\/sites\/5\/2021\/05\/2_integro-48x17.png 48w\" sizes=\"auto, (max-width: 219px) 100vw, 219px\" \/><\/a><\/figure>\n\n\n\n<figure class=\"wp-block-image aligncenter size-large is-resized\"><a href=\"https:\/\/libra.ibuk.pl\/\" target=\"_blank\" rel=\"noreferrer noopener\"><img loading=\"lazy\" decoding=\"async\" width=\"1024\" height=\"240\" src=\"https:\/\/bpsiedlce.pl\/wp-content\/uploads\/sites\/5\/2023\/12\/PWN_IBUK_LIBRA_Logo_Poziom_bez_tla_kolor_RGB-1024x240.png\" alt=\"\" class=\"wp-image-23026\" style=\"width:auto;height:46px\" srcset=\"https:\/\/bpsiedlce.pl\/wp-content\/uploads\/sites\/5\/2023\/12\/PWN_IBUK_LIBRA_Logo_Poziom_bez_tla_kolor_RGB-1024x240.png 1024w, https:\/\/bpsiedlce.pl\/wp-content\/uploads\/sites\/5\/2023\/12\/PWN_IBUK_LIBRA_Logo_Poziom_bez_tla_kolor_RGB-300x70.png 300w, https:\/\/bpsiedlce.pl\/wp-content\/uploads\/sites\/5\/2023\/12\/PWN_IBUK_LIBRA_Logo_Poziom_bez_tla_kolor_RGB-768x180.png 768w, https:\/\/bpsiedlce.pl\/wp-content\/uploads\/sites\/5\/2023\/12\/PWN_IBUK_LIBRA_Logo_Poziom_bez_tla_kolor_RGB-1536x360.png 1536w, https:\/\/bpsiedlce.pl\/wp-content\/uploads\/sites\/5\/2023\/12\/PWN_IBUK_LIBRA_Logo_Poziom_bez_tla_kolor_RGB-2048x480.png 2048w, https:\/\/bpsiedlce.pl\/wp-content\/uploads\/sites\/5\/2023\/12\/PWN_IBUK_LIBRA_Logo_Poziom_bez_tla_kolor_RGB-1320x310.png 1320w, https:\/\/bpsiedlce.pl\/wp-content\/uploads\/sites\/5\/2023\/12\/PWN_IBUK_LIBRA_Logo_Poziom_bez_tla_kolor_RGB-24x6.png 24w, https:\/\/bpsiedlce.pl\/wp-content\/uploads\/sites\/5\/2023\/12\/PWN_IBUK_LIBRA_Logo_Poziom_bez_tla_kolor_RGB-36x8.png 36w, https:\/\/bpsiedlce.pl\/wp-content\/uploads\/sites\/5\/2023\/12\/PWN_IBUK_LIBRA_Logo_Poziom_bez_tla_kolor_RGB-48x11.png 48w\" sizes=\"auto, (max-width: 1024px) 100vw, 1024px\" \/><\/a><\/figure>\n\n\n\n<figure class=\"wp-block-image aligncenter size-full is-resized\"><a href=\"https:\/\/academica.edu.pl\/\" target=\"_blank\" rel=\"noreferrer noopener\"><img loading=\"lazy\" decoding=\"async\" width=\"4770\" height=\"1271\" src=\"https:\/\/bpsiedlce.pl\/wp-content\/uploads\/sites\/5\/2021\/05\/ACADEMICA.png\" alt=\"\" class=\"wp-image-202\" style=\"width:auto;height:46px\" srcset=\"https:\/\/bpsiedlce.pl\/wp-content\/uploads\/sites\/5\/2021\/05\/ACADEMICA.png 4770w, https:\/\/bpsiedlce.pl\/wp-content\/uploads\/sites\/5\/2021\/05\/ACADEMICA-300x80.png 300w, https:\/\/bpsiedlce.pl\/wp-content\/uploads\/sites\/5\/2021\/05\/ACADEMICA-768x205.png 768w, https:\/\/bpsiedlce.pl\/wp-content\/uploads\/sites\/5\/2021\/05\/ACADEMICA-1024x273.png 1024w, https:\/\/bpsiedlce.pl\/wp-content\/uploads\/sites\/5\/2021\/05\/ACADEMICA-1536x409.png 1536w, https:\/\/bpsiedlce.pl\/wp-content\/uploads\/sites\/5\/2021\/05\/ACADEMICA-2048x546.png 2048w, https:\/\/bpsiedlce.pl\/wp-content\/uploads\/sites\/5\/2021\/05\/ACADEMICA-1320x352.png 1320w, https:\/\/bpsiedlce.pl\/wp-content\/uploads\/sites\/5\/2021\/05\/ACADEMICA-24x6.png 24w, https:\/\/bpsiedlce.pl\/wp-content\/uploads\/sites\/5\/2021\/05\/ACADEMICA-36x10.png 36w, https:\/\/bpsiedlce.pl\/wp-content\/uploads\/sites\/5\/2021\/05\/ACADEMICA-48x13.png 48w\" sizes=\"auto, (max-width: 4770px) 100vw, 4770px\" \/><\/a><\/figure>\n\n\n\n<figure class=\"wp-block-image aligncenter size-full is-resized\"><a href=\"https:\/\/polona.pl\/collections\/institutions\/16\/\" target=\"_blank\" rel=\"noreferrer noopener\"><img decoding=\"async\" src=\"https:\/\/bpsiedlce.pl\/wp-content\/uploads\/sites\/5\/2021\/05\/polona-350x109-1.png\" alt=\"\" class=\"wp-image-208\" style=\"width:auto;height:46px\"\/><\/a><\/figure>\n<\/div>\n<\/div>\n<\/div><\/div>\n\n\n\n<div class=\"wp-block-group alignfull bs-new-menu__container has-background is-layout-flow wp-block-group-is-layout-flow\" style=\"background-color:#850202\"><div class=\"wp-block-group__inner-container\">\n<div class=\"wp-block-columns is-layout-flex wp-container-core-columns-is-layout-28f84493 wp-block-columns-is-layout-flex\">\n<div class=\"wp-block-column is-layout-flow wp-block-column-is-layout-flow\" style=\"flex-basis:100%\">  \n <div class=\"bs-branch-menu-background\"> \n<div class=\"bs-branch-menu\" data-id=\"5\">\n\n<div class=\"bs-branch-menu__item bs-branch-menu__item__text bs-branch-menu__item__padding\">\n          <h1 class=\"bs-branch-menu__item__title bs-branch-menu__item__title--header\">Branches <\/h1>\n      <\/div>\n     \n       \n        <div class=\"bs-branch-menu__item bs-branch-menu__item-content\"  data-target-id=\"tooltip-id-0\" >\n      <a href=\"https:\/\/garwolin.bpsiedlce.pl\/en\/\" target=\"_blank\">\n        <h3 class=\" bs-branch-menu__item__title bs-branch-menu__item__title-font \" role=\"button\" tabindex=\"0\" data-target-id=\"tooltip-id-0\">Garwolin<\/h3>\n      <\/a>\n          <div  id=\"tooltip-id-0\"  class=\"bs-branch-menu__item__content bs-branch-menu__item__content--hidden\">\n        \n              <div class=\"bs-branch-menu__item__content__tooltip\" >\n                        <p class=\"bs-branch-menu__item__content__tooltip__contact\">Contact: <\/p>\n                      <p class=\"bs-branch-menu__item__content__tooltip__description\">  street T. Ko\u015bciuszki 51<br>\n08-400 Garwolin <br>\nTel. 25 740-50-48 <\/p>          \n              <\/div>\n            <div class=\"bs-branch-menu__item__content__tooltip__triangle \"> <\/div>\n          <\/div>\n      <\/div>  \n       \n        <div class=\"bs-branch-menu__item bs-branch-menu__item-content\"  data-target-id=\"tooltip-id-1\" >\n      <a href=\"https:\/\/losice.bpsiedlce.pl\/en\/\" target=\"_blank\">\n        <h3 class=\" bs-branch-menu__item__title bs-branch-menu__item__title-font \" role=\"button\" tabindex=\"0\" data-target-id=\"tooltip-id-1\">\u0141osice<\/h3>\n      <\/a>\n          <div  id=\"tooltip-id-1\"  class=\"bs-branch-menu__item__content bs-branch-menu__item__content--hidden\">\n        \n              <div class=\"bs-branch-menu__item__content__tooltip\" >\n                        <p class=\"bs-branch-menu__item__content__tooltip__contact\">Contact: <\/p>\n                      <p class=\"bs-branch-menu__item__content__tooltip__description\">  street J. Pi\u0142sudskiego 9<br>\n08-200 \u0141osice <br>\nTel. 25 740-50-48 <\/p>          \n              <\/div>\n            <div class=\"bs-branch-menu__item__content__tooltip__triangle \"> <\/div>\n          <\/div>\n      <\/div>  \n       \n        <div class=\"bs-branch-menu__item bs-branch-menu__item-content\"  data-target-id=\"tooltip-id-2\" >\n      <a href=\"https:\/\/minsk-maz.bpsiedlce.pl\/en\/\" target=\"_blank\">\n        <h3 class=\" bs-branch-menu__item__title bs-branch-menu__item__title-font \" role=\"button\" tabindex=\"0\" data-target-id=\"tooltip-id-2\">Mi\u0144sk Mazowiecki<\/h3>\n      <\/a>\n          <div  id=\"tooltip-id-2\"  class=\"bs-branch-menu__item__content bs-branch-menu__item__content--hidden\">\n        \n              <div class=\"bs-branch-menu__item__content__tooltip\" >\n                        <p class=\"bs-branch-menu__item__content__tooltip__contact\">Contact: <\/p>\n                      <p class=\"bs-branch-menu__item__content__tooltip__description\">  street J. Pi\u0142sudskiego 1a <br>\n05-300 Mi\u0144sk Mazowiecki <br>\nTel. 25 740-50-48 <\/p>          \n              <\/div>\n            <div class=\"bs-branch-menu__item__content__tooltip__triangle \"> <\/div>\n          <\/div>\n      <\/div>  \n       \n        <div class=\"bs-branch-menu__item bs-branch-menu__item-content\"  data-target-id=\"tooltip-id-3\" >\n      <a href=\"https:\/\/sokolow.bpsiedlce.pl\/en\/\" target=\"_blank\">\n        <h3 class=\" bs-branch-menu__item__title bs-branch-menu__item__title-font \" role=\"button\" tabindex=\"0\" data-target-id=\"tooltip-id-3\">Soko\u0142\u00f3w Podlaski<\/h3>\n      <\/a>\n          <div  id=\"tooltip-id-3\"  class=\"bs-branch-menu__item__content bs-branch-menu__item__content--hidden\">\n        \n              <div class=\"bs-branch-menu__item__content__tooltip\" >\n                        <p class=\"bs-branch-menu__item__content__tooltip__contact\">Contact: <\/p>\n                      <p class=\"bs-branch-menu__item__content__tooltip__description\">  street Oleksiaka Wichury 3<br>\n08-300 Soko\u0142\u00f3w Podlaski <br>\nTel. 25 740-50-48 <\/p>          \n              <\/div>\n            <div class=\"bs-branch-menu__item__content__tooltip__triangle \"> <\/div>\n          <\/div>\n      <\/div>  \n       \n        <div class=\"bs-branch-menu__item bs-branch-menu__item-content\"  data-target-id=\"tooltip-id-4\" >\n      <a href=\"https:\/\/wegrow.bpsiedlce.pl\/en\/\" target=\"_blank\">\n        <h3 class=\" bs-branch-menu__item__title bs-branch-menu__item__title-font \" role=\"button\" tabindex=\"0\" data-target-id=\"tooltip-id-4\">W\u0119gr\u00f3w<\/h3>\n      <\/a>\n          <div  id=\"tooltip-id-4\"  class=\"bs-branch-menu__item__content bs-branch-menu__item__content--hidden\">\n        \n              <div class=\"bs-branch-menu__item__content__tooltip\" >\n                        <p class=\"bs-branch-menu__item__content__tooltip__contact\">Contact: <\/p>\n                      <p class=\"bs-branch-menu__item__content__tooltip__description\">  street J. Pi\u0142sudskiego 23<br>\n07-100 W\u0119gr\u00f3w <br>\nTel. 25 740-50-48 <\/p>          \n              <\/div>\n            <div class=\"bs-branch-menu__item__content__tooltip__triangle \"> <\/div>\n          <\/div>\n      <\/div>  \n      <\/div> \n      <\/div>\n \n\n\n<\/div>\n<\/div>\n<\/div><\/div>\n\n\n\n<div class=\"wp-block-group alignfull bs-katalogi-cien is-layout-flow wp-block-group-is-layout-flow\"><div class=\"wp-block-group__inner-container\"><\/div><\/div>\n\n\n\n<div class=\"wp-block-group alignfull sekcja-glowna-zawartosci-strony is-layout-flow wp-block-group-is-layout-flow\"><div class=\"wp-block-group__inner-container\">\n<div class=\"wp-block-columns alignfull is-layout-flex wp-container-core-columns-is-layout-28f84493 wp-block-columns-is-layout-flex\">\n<div class=\"wp-block-column is-layout-flow wp-block-column-is-layout-flow\" style=\"flex-basis:75%\">\n<div class=\"wp-block-ugb-container ugb-container lewa-sekcja-zawartosci-strony ugb-7320ec2 ugb-container--v2 ugb-container--design-plain ugb-main-block\"><style>@media screen and (min-width:768px){.ugb-7320ec2.ugb-container{margin-bottom:0px !important}}@media screen and (min-width:768px){.ugb-7320ec2 > .ugb-inner-block > .ugb-block-content > *{padding-top:0px !important;padding-bottom:0px !important;padding-right:0px !important;padding-left:0px !important}}<\/style><div class=\"ugb-inner-block\"><div class=\"ugb-block-content\"><div class=\"ugb-container__wrapper ugb-7320ec2-wrapper\"><div class=\"ugb-container__side\"><div class=\"ugb-container__content-wrapper ugb-7320ec2-content-wrapper\"><div class=\"bs-news\" id=\"bs-news69f1f1c0b83bf\" data-block=\"bs-mbp-news\">\r\n  <div class=\"bs-news__titlebar\">\r\n    <h3 class=\"bs-news__titlebar__title\">News<\/h3>\r\n    <div class=\"bs-news__titlebar__select-wrapper\">\r\n      <div class=\"bs-news__titlebar__select-wrapper__mark bs-news__titlebar__select-wrapper__mark--hidden\" id=\"select-wrapper__mark__bs-news69f1f1c0b83bf\">1<\/div>\r\n      <div class=\"bs-news__titlebar__select-wrapper__preview\">Filter <img decoding=\"async\" src=\"\/wp-content\/uploads\/2021\/08\/filter-results-button.svg\"><\/div>\r\n\r\n      <select id=\"bs-mbp-news-filter_bs-news69f1f1c0b83bf\" class=\"bs-news__titlebar__select\" data-columns=\"3\" data-rows=\"2\" data-offset=\"0\">\r\n        <option value=\"301,90,62,313,14,307,127,121,2,310,12,15,13\">All<\/option>\r\n        <option value='301'>Akcje<\/option><option value='90'>Aktualno\u015bci<\/option><option value='62'>Gallery<\/option><option value='313'>Konferencje<\/option><option value='14'>Konkursy<\/option><option value='307'>Rocznice<\/option><option value='127'>Spotkania<\/option><option value='121'>Spotkania autorskie<\/option><option value='2'>Uncategorized<\/option><option value='310'>Warsztaty<\/option><option value='12'>Wspomaganie szk\u00f3\u0142 i plac\u00f3wek o\u015bwiatowych<\/option><option value='15'>Wystawy<\/option><option value='13'>Zaj\u0119cia edukacyjne<\/option>      <\/select>\r\n    <\/div>\r\n\r\n  <\/div>\r\n\r\n  <div class=\"bs-news__posts-container\" id=\"ms-mbp-news-display_bs-news69f1f1c0b83bf\">\r\n      <\/div>\r\n  <div class=\"bs-news__nav\">\r\n    <div class=\"bs-news__nav__pagination\">\r\n      <button class=\"bs-news__nav__pagination__button bs-news__nav__pagination__button-prev\" data-block-id=\"bs-news69f1f1c0b83bf\"><\/button>\r\n\r\n      <div class=\"bs-news__nav__pagination__radio-box\" data-offset='0' data-pages=\"0\" data-block-id=\"bs-news69f1f1c0b83bf\">\r\n              <\/div>\r\n\r\n      <button class=\"bs-news__nav__pagination__button bs-news__nav__pagination__button-next\" data-block-id=\"bs-news69f1f1c0b83bf\"><\/button>\r\n    <\/div>\r\n    <a class=\"bs-news__nav__read-more\" href=\"\/aktualnosci\" aria-label=\"See more news\">See more<\/a>\r\n  <\/div>\r\n<\/div>\r\n<template id=\"bs_template__mbp_news_section--empty\">\r\n  <div class=\"bs-news-home-page__posts-container__section\">\r\n    <p>No posts matching the criteria<\/p>\r\n  <\/div>\r\n<\/template>\r\n<template id=\"bs_template__mbp_item\">\r\n  <a class=\"bs-news__posts-container__section__post\" data-news-link data-news-item>\r\n    <img decoding=\"async\" class=\"bs-news__posts-container__section__post__img\" alt=\"Post thumbnail\" data-news-img src=\"\">\r\n    <p class=\"bs-news__posts-container__section__post__date\" data-news-date><\/p>\r\n    <p class=\"bs-news__posts-container__section__post__title\" data-news-date><\/p>\r\n    <p class=\"bs-news__posts-container__section__post__desc\" data-news-desc><\/p>\r\n  <\/a>\r\n<\/template>  <template id=\"bs_template__mbp_news_section\">\r\n    <div class=\"bs-news__posts-container__section\">\r\n    <\/div>\r\n  <\/template>\r\n  <template id=\"bs_template__mbp_news_radio-button\">\r\n    <label class=\"bs-news__nav__pagination__radio-box__label\" data-block-id=\"bs-news69f1f1c0b83bf\">\r\n      <input class=\"bs-news__nav__pagination__radio-box__label__input\" type=\"radio\" name=\"offset_bs-news69f1f1c0b83bf\" value=\"0\" data-block-id=\"bs-news69f1f1c0b83bf\">\r\n      <span class=\"bs-news__nav__pagination__radio-box__label__control\" data-value=\"0\" data-block-id=\"bs-news69f1f1c0b83bf\">\r\n      <\/span>\r\n    <\/label>\r\n  <\/template>\r\n<\/div><\/div><\/div><\/div><\/div><\/div>\n<\/div>\n\n\n\n<div class=\"wp-block-column bs-block-service is-layout-flow wp-block-column-is-layout-flow\" style=\"flex-basis:25%\"><div class=\"wp-block-column uslugi-sidebar-blok\" style=\"flex-basis:25%\">\r\n\t<h2><strong>E-services<\/strong><\/h2>\r\n\r\n\r\n\t<div class=\"menu-e-uslugi-container\">\r\n\t\t<ul id=\"menu-e-uslugi\" class=\"menu\">\r\n\t\t\t\t\t\t\t<li id=\"menu-item-0\" class=\"menu-item menu-item-type-custom menu-item-object-custom menu-item-0\">\r\n\t\t\t\t\t<a href=\"https:\/\/bpsiedlce.pl\/en\/mbpeuslugi\/czasopismo\" class=\"menu-image-title-after menu-image-not-hovered menu-link\">\r\n\t\t\t\t\t\t<img decoding=\"async\" width=\"21\" height=\"27\" src=\"\/wp-content\/uploads\/sites\/3\/2021\/05\/magazine.svg\" class=\"menu-image menu-image-title-after\" alt=\"\" loading=\"lazy\">\r\n\t\t\t\t\t\t<span class=\"menu-image-title-after menu-image-title\">\r\n\t\t\t\t\t\t\tE-Journal\t\t\t\t\t\t<\/span>\r\n\t\t\t\t\t<\/a>\r\n\t\t\t\t<\/li>\r\n\t\t\t\t\t\t\t<li id=\"menu-item-1\" class=\"menu-item menu-item-type-custom menu-item-object-custom menu-item-1\">\r\n\t\t\t\t\t<a href=\"https:\/\/bpsiedlce.pl\/en\/mbpeuslugi\/praktyki\" class=\"menu-image-title-after menu-image-not-hovered menu-link\">\r\n\t\t\t\t\t\t<img decoding=\"async\" width=\"21\" height=\"27\" src=\"\/wp-content\/uploads\/2021\/05\/graduated.svg\" class=\"menu-image menu-image-title-after\" alt=\"\" loading=\"lazy\">\r\n\t\t\t\t\t\t<span class=\"menu-image-title-after menu-image-title\">\r\n\t\t\t\t\t\t\tInternship enrollment\t\t\t\t\t\t<\/span>\r\n\t\t\t\t\t<\/a>\r\n\t\t\t\t<\/li>\r\n\t\t\t\t\t\t\t<li id=\"menu-item-2\" class=\"menu-item menu-item-type-custom menu-item-object-custom menu-item-2\">\r\n\t\t\t\t\t<a href=\"https:\/\/bpsiedlce.pl\/en\/mbpeuslugi\/wystawy\" class=\"menu-image-title-after menu-image-not-hovered menu-link\">\r\n\t\t\t\t\t\t<img decoding=\"async\" width=\"21\" height=\"27\" src=\"\/wp-content\/uploads\/sites\/3\/2021\/05\/banner.svg\" class=\"menu-image menu-image-title-after\" alt=\"\" loading=\"lazy\">\r\n\t\t\t\t\t\t<span class=\"menu-image-title-after menu-image-title\">\r\n\t\t\t\t\t\t\tRenting exhibitions\t\t\t\t\t\t<\/span>\r\n\t\t\t\t\t<\/a>\r\n\t\t\t\t<\/li>\r\n\t\t\t\t\t\t\t<li id=\"menu-item-3\" class=\"menu-item menu-item-type-custom menu-item-object-custom menu-item-3\">\r\n\t\t\t\t\t<a href=\"https:\/\/bpsiedlce.pl\/en\/mbpeuslugi\/blad\" class=\"menu-image-title-after menu-image-not-hovered menu-link\">\r\n\t\t\t\t\t\t<img decoding=\"async\" width=\"21\" height=\"27\" src=\"\/wp-content\/uploads\/2021\/05\/communications.svg\" class=\"menu-image menu-image-title-after\" alt=\"\" loading=\"lazy\">\r\n\t\t\t\t\t\t<span class=\"menu-image-title-after menu-image-title\">\r\n\t\t\t\t\t\t\tReport an error\t\t\t\t\t\t<\/span>\r\n\t\t\t\t\t<\/a>\r\n\t\t\t\t<\/li>\r\n\t\t\t\t\t<\/ul>\r\n\t<\/div>\r\n<\/div>\n<\/div>\n<\/div>\n<\/div><\/div>\n\n\n\n<h2 class=\"wp-block-heading\"><strong>Events<\/strong><\/h2>\n\n\n\n<div class=\"wp-block-ugb-container ugb-container ugb-d18cbe8 ugb-container--v2 ugb-container--design-plain ugb-main-block\"><style>@media screen and (min-width:768px){.ugb-d18cbe8 > .ugb-inner-block > .ugb-block-content > *{padding-top:0px !important;padding-bottom:0px !important;padding-right:0px !important;padding-left:0px !important}}<\/style><div class=\"ugb-inner-block\"><div class=\"ugb-block-content\"><div class=\"ugb-container__wrapper ugb-d18cbe8-wrapper\"><div class=\"ugb-container__side\"><div class=\"ugb-container__content-wrapper ugb-d18cbe8-content-wrapper\">\n<div class=\"wp-block-columns wydarzenia-pelna-szerkosc-strony is-layout-flex wp-container-core-columns-is-layout-28f84493 wp-block-columns-is-layout-flex\">\n<div class=\"wp-block-column is-layout-flow wp-block-column-is-layout-flow\" style=\"flex-basis:33.33%\"><div id=\"calendar-container\">\n    <div id=\"calendar-post\" data-cal-id=\"1\" data-site-id=\"0\" data-global=\"false\" data-post-types=\"any\" style=\"width:100%;max-width: 100%;\"><\/div>\n<\/div>\n\n<div id=\"modalEventsDisplay\" class=\"bs__modal-events-display bs__modal-events-display--hidden\">\n    <div class=\"bs__modal-events-display__content\">\n        <div class=\"bs__modal-events-display__content__header\">\n            <div class=\"bs__modal-events-display__content__header__text-wrapper\">\n                <h3 class=\"bs__modal-events-display__content__header__text-wrapper__title\">Events<\/h3>\n                <h3 class=\"bs__modal-events-display__content__header__text-wrapper__date\"><\/h3>\n            <\/div>\n            <button class=\"bs__modal-events-display__content__header__button\" data-modal-close-button>\n                Close                <span class=\"bs__modal-events-display__content__header__button__close\"><\/span>\n            <\/button>\n        <\/div>\n        <div class=\"bs__modal-events-display__content__main\" id=\"modalEventsDisplayContentHook\">\n\n        <\/div>\n    <\/div>\n<\/div>\n\n<template id=\"bs_template_modal_post\">\n    <div class=\"bs__modal__post\">\n        <div class=\"bs__modal__post__top\">\n            <div class=\"bs__modal__post__top__img\"><\/div>\n            <div class=\"bs__modal__post__top__time-details\">\n                <div class=\"bs__modal__post__top__time-details__container\">\n                    <span class=\"bs__modal__post__span--header\">Date:<\/span>\n                    <span class=\"bs__modal__post__span--value bs__modal__post__span--value-date\"><\/span>\n                <\/div>\n                <div class=\"bs__modal__post__top__time-details__container\">\n                    <span class=\"bs__modal__post__span--header\">Time:<\/span>\n                    <span class=\"bs__modal__post__span--value bs__modal__post__span--value-time\"><\/span>\n                <\/div>\n                <div class=\"bs__modal__post__top__time-details__container\">\n                    <span class=\"bs__modal__post__span--header\">Location:<\/span>\n                    <span class=\"bs__modal__post__span--value bs__modal__post__span--branch\"><\/span>\n                <\/div>\n            <\/div>\n        <\/div>\n        <div class=\"bs__modal__post__middle\">\n            <p class=\"bs__modal__post__middle__title\"><\/p>\n            <p class=\"bs__modal__post__middle__desc\"><\/p>\n        <\/div>\n        <div class=\"bs__modal__post__bottom\">\n            <a class=\"ab-item bs__modal__post__bottom__link\" href=\"#\">View more details<\/a>\n            <a class=\"ab-item bs__modal__post__bottom__button\" href=\"#\">Sign up for the event <\/a>\n        <\/div>\n    <\/div>\n<\/template>\n\n<template id=\"bs_data_template_months\">\n    <span data-month-number=\"0\">January<\/span>\n    <span data-month-number=\"1\">February<\/span>\n    <span data-month-number=\"2\">March<\/span>\n    <span data-month-number=\"3\">April<\/span>\n    <span data-month-number=\"4\">May<\/span>\n    <span data-month-number=\"5\">June<\/span>\n    <span data-month-number=\"6\">July<\/span>\n    <span data-month-number=\"7\">August<\/span>\n    <span data-month-number=\"8\">September<\/span>\n    <span data-month-number=\"9\">October<\/span>\n    <span data-month-number=\"10\">November<\/span>\n    <span data-month-number=\"11\">December<\/span>\n<\/template>\n\n<template id=\"bs_data_template_days\">\n    <span data-day-number=\"0\">Sunday<\/span>\n    <span data-day-number=\"1\">Monday<\/span>\n    <span data-day-number=\"2\">Tuesday<\/span>\n    <span data-day-number=\"3\">Wednesday<\/span>\n    <span data-day-number=\"4\">Thursday<\/span>\n    <span data-day-number=\"5\">Friday<\/span>\n    <span data-day-number=\"6\">Saturday<\/span>\n<\/template>\n\n<template id=\"bs_data_template_buttons\">\n    <span data-day-number=\"next\">Next month<\/span>\n    <span data-day-number=\"prev\">Previous month<\/span>\n<\/template>\n\n<\/div>\n\n\n\n<div class=\"wp-block-column is-layout-flow wp-block-column-is-layout-flow\" style=\"flex-basis:66.66%\"><div class=\"row calendar-front pion\">\r\n    <p class=\"no-event-alert\">No new events in the near future.<\/p>\r\n    <div class=\"calendar-more-button\">\r\n        <a href=\"\/wydarzenia\/\" aria-label=\"See more events\">\r\n            See more        <\/a>\r\n    <\/div>\r\n<\/div>\r\n\n<\/div>\n<\/div>\n<\/div><\/div><\/div><\/div><\/div><\/div>\n\n\n<div class=\"newest row newest-carousel-books-main alignfull\">\n    <div class=\"best-book col-sm-4\">\n                <div class=\"card bs-white-font\" style=\"background-color: #850202\">\n            <img decoding=\"async\" class=\"card-img-top\" src=\"https:\/\/bpsiedlce.pl\/wp-content\/uploads\/sites\/5\/2026\/04\/11.jpg\" alt=\"Matematyczny wszech\u015bwiat\">\n            <div class=\"card-body\">\n                <h3 class=\"card-subtitle mb-2\">book of the month:<\/h3>\n                <h4 class=\"card-title\">Matematyczny wszech\u015bwiat<\/h4>\n                <p class=\"card-text\">Ksi\u0105\u017cka Matematyczny Wszech\u015bwiat. Od Pitagorasa do Plancka zabiera Czytelnika w pasjonuj\u0105c\u0105 podr\u00f3\u017c, kt\u00f3ra ukazuje obecno\u015b\u0107 zasad matematyki w naturze. Dzi\u0119ki [&#8230;]<\/p>\n                <a href=\"https:\/\/bpsiedlce.pl\/en\/books\/matematyczny-wszechswiat\/\">Read more<\/a>\n            <\/div>\n        <\/div>\n    <\/div>\n    <div id=\"carouselNewest\" class=\"newest-carousel-books carousel slide col-sm-8  \" style=\"background-color: #f3f1f1\">\n\n        <h2 style=\"margin:35px auto 40px 13.5%\"><b>News<\/b><\/h2>\n\n        <div class=\"carousel-indicators\">\n                            <button type=\"button\" data-bs-target=\"#carouselNewest\" data-bs-slide-to=\"0\" class=\"active\" aria-current=\"true\" aria-label=\"Slide 1 \"><\/button>\n                            <button type=\"button\" data-bs-target=\"#carouselNewest\" data-bs-slide-to=\"1\" class=\"\" aria-current=\"true\" aria-label=\"Slide 2 \"><\/button>\n                            <button type=\"button\" data-bs-target=\"#carouselNewest\" data-bs-slide-to=\"2\" class=\"\" aria-current=\"true\" aria-label=\"Slide 3 \"><\/button>\n                    <\/div>\n\n        <div class=\"carousel-inner\">\n                                <div class=\"carousel-item active\">\n                        <div class=\"cards-wrapper row\">\n                                                <div class=\"card col\">\n                            <img decoding=\"async\" src=\"https:\/\/bpsiedlce.pl\/wp-content\/uploads\/sites\/5\/2026\/04\/jezyk_angielski_arkusze.jpg\" alt=\"J\u0119zyk angielski : arkusze maturalne 2025\" class=\"card-img-top\">\n                            <div class=\"card-body\">\n                                <div class=\"card-texts\">\n                                    <h5 class=\"card-title\">J\u0119zyk angielski : arkusze maturalne 2025<\/h5>\n                                    <p class=\"card-author\">Hastings Robert<\/p>                                    <p class=\"link-to-book\"><a href=\"https:\/\/bpsiedlce.pl\/en\/books\/jezyk-angielski-arkusze-maturalne-2025\/\" class=\"card-button-check\">Check<img decoding=\"async\" src=\"\/wp-content\/uploads\/2021\/05\/next.svg\" \/><\/a><\/p>\n                                <\/div>\n                            <\/div>\n                        <\/div>\n                                                                        <div class=\"card col\">\n                            <img decoding=\"async\" src=\"https:\/\/bpsiedlce.pl\/wp-content\/uploads\/sites\/5\/2026\/04\/nowa_matura.jpg\" alt=\"Nowa matura z j\u0119zyka polskiego : arkusze : zakres podstawow\u2026\" class=\"card-img-top\">\n                            <div class=\"card-body\">\n                                <div class=\"card-texts\">\n                                    <h5 class=\"card-title\">Nowa matura z j\u0119zyka polskiego : arkusze : zakres podstawowy : tematy wypracowa\u0144 : zakres rozszerzony<\/h5>\n                                    <p class=\"card-author\">Tomaszek Katarzyna<\/p>                                    <p class=\"link-to-book\"><a href=\"https:\/\/bpsiedlce.pl\/en\/books\/nowa-matura-z-jezyka-polskiego-arkusze-zakres-podstawowy-tematy-wypracowan-zakres-rozszerzony\/\" class=\"card-button-check\">Check<img decoding=\"async\" src=\"\/wp-content\/uploads\/2021\/05\/next.svg\" \/><\/a><\/p>\n                                <\/div>\n                            <\/div>\n                        <\/div>\n                                                                        <div class=\"card col\">\n                            <img decoding=\"async\" src=\"https:\/\/bpsiedlce.pl\/wp-content\/uploads\/sites\/5\/2026\/04\/chemia.jpg\" alt=\"Chemia : skuteczna powt\u00f3rka : zbi\u00f3r zada\u0144 : matura 2026-2028\" class=\"card-img-top\">\n                            <div class=\"card-body\">\n                                <div class=\"card-texts\">\n                                    <h5 class=\"card-title\">Chemia : skuteczna powt\u00f3rka : zbi\u00f3r zada\u0144 : matura 2026-2028<\/h5>\n                                    <p class=\"card-author\">Mickiewicz Damian<\/p>                                    <p class=\"link-to-book\"><a href=\"https:\/\/bpsiedlce.pl\/en\/books\/chemia-skuteczna-powtorka-zbior-zadan-matura-2026-2028\/\" class=\"card-button-check\">Check<img decoding=\"async\" src=\"\/wp-content\/uploads\/2021\/05\/next.svg\" \/><\/a><\/p>\n                                <\/div>\n                            <\/div>\n                        <\/div>\n                                                <\/div>\n                        <div class=\"cards-wrapper row\">\n                                                                        <div class=\"card col\">\n                            <img decoding=\"async\" src=\"https:\/\/bpsiedlce.pl\/wp-content\/uploads\/sites\/5\/2026\/04\/biologia_piecdziesiatka.jpg\" alt=\"Biologia : pi\u0119\u0107dziesi\u0105tka przed matur\u0105! T. 5\" class=\"card-img-top\">\n                            <div class=\"card-body\">\n                                <div class=\"card-texts\">\n                                    <h5 class=\"card-title\">Biologia : pi\u0119\u0107dziesi\u0105tka przed matur\u0105! T. 5<\/h5>\n                                    <p class=\"card-author\">Gola Grzegorz <\/p>                                    <p class=\"link-to-book\"><a href=\"https:\/\/bpsiedlce.pl\/en\/books\/biologia-piecdziesiatka-przed-matura-t-5\/\" class=\"card-button-check\">Check<img decoding=\"async\" src=\"\/wp-content\/uploads\/2021\/05\/next.svg\" \/><\/a><\/p>\n                                <\/div>\n                            <\/div>\n                        <\/div>\n                                                                        <div class=\"card col\">\n                            <img decoding=\"async\" src=\"https:\/\/bpsiedlce.pl\/wp-content\/uploads\/sites\/5\/2026\/04\/matematyka.jpg\" alt=\"Matematyka : zbi\u00f3r zada\u0144 przygotowuj\u0105cy do matury : poziom \u2026\" class=\"card-img-top\">\n                            <div class=\"card-body\">\n                                <div class=\"card-texts\">\n                                    <h5 class=\"card-title\">Matematyka : zbi\u00f3r zada\u0144 przygotowuj\u0105cy do matury : poziom podstawowy<\/h5>\n                                    <p class=\"card-author\">Bednarek Witold<\/p>                                    <p class=\"link-to-book\"><a href=\"https:\/\/bpsiedlce.pl\/en\/books\/matematyka-zbior-zadan-przygotowujacy-do-matury-poziom-podstawowy\/\" class=\"card-button-check\">Check<img decoding=\"async\" src=\"\/wp-content\/uploads\/2021\/05\/next.svg\" \/><\/a><\/p>\n                                <\/div>\n                            <\/div>\n                        <\/div>\n                                                                        <div class=\"card col\">\n                            <img decoding=\"async\" src=\"https:\/\/bpsiedlce.pl\/wp-content\/uploads\/sites\/5\/2026\/03\/byk-1.jpg\" alt=\"Byk jak byk : rzecz nie ca\u0142kiem powa\u017cna o ca\u0142kiem powa\u017cnych\u2026\" class=\"card-img-top\">\n                            <div class=\"card-body\">\n                                <div class=\"card-texts\">\n                                    <h5 class=\"card-title\">Byk jak byk : rzecz nie ca\u0142kiem powa\u017cna o ca\u0142kiem powa\u017cnych b\u0142\u0119dach j\u0119zykowych<\/h5>\n                                    <p class=\"card-author\">Fr\u0105czek Agnieszka<\/p>                                    <p class=\"link-to-book\"><a href=\"https:\/\/bpsiedlce.pl\/en\/books\/byk-jak-byk-rzecz-nie-calkiem-powazna-o-calkiem-powaznych-bledach-jezykowych\/\" class=\"card-button-check\">Check<img decoding=\"async\" src=\"\/wp-content\/uploads\/2021\/05\/next.svg\" \/><\/a><\/p>\n                                <\/div>\n                            <\/div>\n                        <\/div>\n                                                <\/div>\n                        <div class=\"cards-wrapper row\">\n                                                                        <\/div>\n                    <\/div>\n                                    <div class=\"carousel-item \">\n                        <div class=\"cards-wrapper row\">\n                                                <div class=\"card col\">\n                            <img decoding=\"async\" src=\"https:\/\/bpsiedlce.pl\/wp-content\/uploads\/sites\/5\/2026\/03\/o_wilku.jpg\" alt=\"O wilku m\u00f3wiono w izbie\" class=\"card-img-top\">\n                            <div class=\"card-body\">\n                                <div class=\"card-texts\">\n                                    <h5 class=\"card-title\">O wilku m\u00f3wiono w izbie<\/h5>\n                                    <p class=\"card-author\">Ve\u017enavec Eva<\/p>                                    <p class=\"link-to-book\"><a href=\"https:\/\/bpsiedlce.pl\/en\/books\/o-wilku-mowiono-w-izbie\/\" class=\"card-button-check\">Check<img decoding=\"async\" src=\"\/wp-content\/uploads\/2021\/05\/next.svg\" \/><\/a><\/p>\n                                <\/div>\n                            <\/div>\n                        <\/div>\n                                                                        <div class=\"card col\">\n                            <img decoding=\"async\" src=\"https:\/\/bpsiedlce.pl\/wp-content\/uploads\/sites\/5\/2026\/03\/lesna_terapia.jpg\" alt=\"Le\u015bna terapia : jak czerpa\u0107 zdrowie, energi\u0119 i spok\u00f3j z moc\u2026\" class=\"card-img-top\">\n                            <div class=\"card-body\">\n                                <div class=\"card-texts\">\n                                    <h5 class=\"card-title\">Le\u015bna terapia : jak czerpa\u0107 zdrowie, energi\u0119 i spok\u00f3j z mocy drzew<\/h5>\n                                    <p class=\"card-author\">Antosik Agnieszka<\/p>                                    <p class=\"link-to-book\"><a href=\"https:\/\/bpsiedlce.pl\/en\/books\/lesna-terapia-jak-czerpac-zdrowie-energie-i-spokoj-z-mocy-drzew\/\" class=\"card-button-check\">Check<img decoding=\"async\" src=\"\/wp-content\/uploads\/2021\/05\/next.svg\" \/><\/a><\/p>\n                                <\/div>\n                            <\/div>\n                        <\/div>\n                                                                        <div class=\"card col\">\n                            <img decoding=\"async\" src=\"https:\/\/bpsiedlce.pl\/wp-content\/uploads\/sites\/5\/2026\/03\/adhd_i-_zaburzenia.jpg\" alt=\"ADHD i zaburzenia l\u0119kowe os\u00f3b doros\u0142ych : sprawdzone strate\u2026\" class=\"card-img-top\">\n                            <div class=\"card-body\">\n                                <div class=\"card-texts\">\n                                    <h5 class=\"card-title\">ADHD i zaburzenia l\u0119kowe os\u00f3b doros\u0142ych : sprawdzone strategie CTB, dzi\u0119ki kt\u00f3rym odzyskasz spok\u00f3j i poczucie sprawczo\u015bci<\/h5>\n                                    <p class=\"card-author\">Ramsay J. Russell <\/p>                                    <p class=\"link-to-book\"><a href=\"https:\/\/bpsiedlce.pl\/en\/books\/adhd-i-zaburzenia-lekowe-osob-doroslych-sprawdzone-strategie-ctb-dzieki-ktorym-odzyskasz-spokoj-i-poczucie-sprawczosci\/\" class=\"card-button-check\">Check<img decoding=\"async\" src=\"\/wp-content\/uploads\/2021\/05\/next.svg\" \/><\/a><\/p>\n                                <\/div>\n                            <\/div>\n                        <\/div>\n                                                <\/div>\n                        <div class=\"cards-wrapper row\">\n                                                                        <div class=\"card col\">\n                            <img decoding=\"async\" src=\"https:\/\/bpsiedlce.pl\/wp-content\/uploads\/sites\/5\/2026\/03\/atomowe.jpg\" alt=\"Atomowe nawyki w praktyce : proste \u0107wiczenia, kt\u00f3re pomog\u0105 \u2026\" class=\"card-img-top\">\n                            <div class=\"card-body\">\n                                <div class=\"card-texts\">\n                                    <h5 class=\"card-title\">Atomowe nawyki w praktyce : proste \u0107wiczenia, kt\u00f3re pomog\u0105 ci stworzy\u0107 \u017cycie, jakiego pragniesz<\/h5>\n                                    <p class=\"card-author\">Clear James<\/p>                                    <p class=\"link-to-book\"><a href=\"https:\/\/bpsiedlce.pl\/en\/books\/atomowe-nawyki-w-praktyce-proste-cwiczenia-ktore-pomoga-ci-stworzyc-zycie-jakiego-pragniesz\/\" class=\"card-button-check\">Check<img decoding=\"async\" src=\"\/wp-content\/uploads\/2021\/05\/next.svg\" \/><\/a><\/p>\n                                <\/div>\n                            <\/div>\n                        <\/div>\n                                                                        <div class=\"card col\">\n                            <img decoding=\"async\" src=\"https:\/\/bpsiedlce.pl\/wp-content\/uploads\/sites\/5\/2026\/03\/jestes.jpg\" alt=\"Jeste\u015b kim\u015b wi\u0119cej, ni\u017c my\u015blisz : opowie\u015b\u0107 o tym, \u017ce dobrze\u2026\" class=\"card-img-top\">\n                            <div class=\"card-body\">\n                                <div class=\"card-texts\">\n                                    <h5 class=\"card-title\">Jeste\u015b kim\u015b wi\u0119cej, ni\u017c my\u015blisz : opowie\u015b\u0107 o tym, \u017ce dobrze by\u0107 sob\u0105 : 99 \u0107wicze\u0144, kt\u00f3re pomagaj\u0105 dziecku w budowaniu zdrowej samooceny i pewno\u015bci siebie<\/h5>\n                                    <p class=\"card-author\">G\u0119bka Artur<\/p>                                    <p class=\"link-to-book\"><a href=\"https:\/\/bpsiedlce.pl\/en\/books\/jestes-kims-wiecej-niz-myslisz-opowiesc-o-tym-ze-dobrze-byc-soba-99-cwiczen-ktore-pomagaja-dziecku-w-budowaniu-zdrowej-samooceny-i-pewnosci-siebie\/\" class=\"card-button-check\">Check<img decoding=\"async\" src=\"\/wp-content\/uploads\/2021\/05\/next.svg\" \/><\/a><\/p>\n                                <\/div>\n                            <\/div>\n                        <\/div>\n                                                                        <div class=\"card col\">\n                            <img decoding=\"async\" src=\"https:\/\/bpsiedlce.pl\/wp-content\/uploads\/sites\/5\/2026\/03\/ronaldo.jpg\" alt=\"Cristiano Ronaldo : ch\u0142opak, kt\u00f3ry wiedzia\u0142, czego chce\" class=\"card-img-top\">\n                            <div class=\"card-body\">\n                                <div class=\"card-texts\">\n                                    <h5 class=\"card-title\">Cristiano Ronaldo : ch\u0142opak, kt\u00f3ry wiedzia\u0142, czego chce<\/h5>\n                                    <p class=\"card-author\">\u017b\u00f3\u0142towska-Darska Yvette<\/p>                                    <p class=\"link-to-book\"><a href=\"https:\/\/bpsiedlce.pl\/en\/books\/cristiano-ronaldo-chlopak-ktory-wiedzial-czego-chce\/\" class=\"card-button-check\">Check<img decoding=\"async\" src=\"\/wp-content\/uploads\/2021\/05\/next.svg\" \/><\/a><\/p>\n                                <\/div>\n                            <\/div>\n                        <\/div>\n                                                <\/div>\n                        <div class=\"cards-wrapper row\">\n                                                                        <\/div>\n                    <\/div>\n                                    <div class=\"carousel-item \">\n                        <div class=\"cards-wrapper row\">\n                                                <div class=\"card col\">\n                            <img decoding=\"async\" src=\"https:\/\/bpsiedlce.pl\/wp-content\/uploads\/sites\/5\/2026\/03\/mali-bogowie.jpg\" alt=\"Argonauci i z\u0142ote runo\" class=\"card-img-top\">\n                            <div class=\"card-body\">\n                                <div class=\"card-texts\">\n                                    <h5 class=\"card-title\">Argonauci i z\u0142ote runo<\/h5>\n                                    <p class=\"card-author\">Cazenove Christophe <\/p>                                    <p class=\"link-to-book\"><a href=\"https:\/\/bpsiedlce.pl\/en\/books\/argonauci-i-zlote-runo\/\" class=\"card-button-check\">Check<img decoding=\"async\" src=\"\/wp-content\/uploads\/2021\/05\/next.svg\" \/><\/a><\/p>\n                                <\/div>\n                            <\/div>\n                        <\/div>\n                                                                        <div class=\"card col\">\n                            <img decoding=\"async\" src=\"https:\/\/bpsiedlce.pl\/wp-content\/uploads\/sites\/5\/2026\/03\/cos_tu_smierdzi.jpg\" alt=\"Co\u015b tu \u015bmierdzi : nauka, kt\u00f3ra wrze, bulgocze i wybucha\" class=\"card-img-top\">\n                            <div class=\"card-body\">\n                                <div class=\"card-texts\">\n                                    <h5 class=\"card-title\">Co\u015b tu \u015bmierdzi : nauka, kt\u00f3ra wrze, bulgocze i wybucha<\/h5>\n                                    <p class=\"card-author\">Mirek Adam<\/p>                                    <p class=\"link-to-book\"><a href=\"https:\/\/bpsiedlce.pl\/en\/books\/cos-tu-smierdzi-nauka-ktora-wrze-bulgocze-i-wybucha\/\" class=\"card-button-check\">Check<img decoding=\"async\" src=\"\/wp-content\/uploads\/2021\/05\/next.svg\" \/><\/a><\/p>\n                                <\/div>\n                            <\/div>\n                        <\/div>\n                                                                        <div class=\"card col\">\n                            <img decoding=\"async\" src=\"https:\/\/bpsiedlce.pl\/wp-content\/uploads\/sites\/5\/2026\/02\/zresetuj.jpg\" alt=\"Zresetuj si\u0119 : jak zadba\u0107 o sw\u00f3j m\u00f3zg w \u015bwiecie ekran\u00f3w\" class=\"card-img-top\">\n                            <div class=\"card-body\">\n                                <div class=\"card-texts\">\n                                    <h5 class=\"card-title\">Zresetuj si\u0119 : jak zadba\u0107 o sw\u00f3j m\u00f3zg w \u015bwiecie ekran\u00f3w<\/h5>\n                                    <p class=\"card-author\">Hansen Anders<\/p>                                    <p class=\"link-to-book\"><a href=\"https:\/\/bpsiedlce.pl\/en\/books\/zresetuj-sie-jak-zadbac-o-swoj-mozg-w-swiecie-ekranow\/\" class=\"card-button-check\">Check<img decoding=\"async\" src=\"\/wp-content\/uploads\/2021\/05\/next.svg\" \/><\/a><\/p>\n                                <\/div>\n                            <\/div>\n                        <\/div>\n                                                <\/div>\n                        <div class=\"cards-wrapper row\">\n                                                                        <div class=\"card col\">\n                            <img decoding=\"async\" src=\"https:\/\/bpsiedlce.pl\/wp-content\/uploads\/sites\/5\/2026\/02\/wieslaw_ochman-1.jpg\" alt=\"Artysta \u017cycia\" class=\"card-img-top\">\n                            <div class=\"card-body\">\n                                <div class=\"card-texts\">\n                                    <h5 class=\"card-title\">Artysta \u017cycia<\/h5>\n                                    <p class=\"card-author\">Ochman Wies\u0142aw<\/p>                                    <p class=\"link-to-book\"><a href=\"https:\/\/bpsiedlce.pl\/en\/books\/artysta-zycia\/\" class=\"card-button-check\">Check<img decoding=\"async\" src=\"\/wp-content\/uploads\/2021\/05\/next.svg\" \/><\/a><\/p>\n                                <\/div>\n                            <\/div>\n                        <\/div>\n                                                                        <div class=\"card col\">\n                            <img decoding=\"async\" src=\"https:\/\/bpsiedlce.pl\/wp-content\/uploads\/sites\/5\/2026\/02\/kuria-1.jpg\" alt=\"Kuria\" class=\"card-img-top\">\n                            <div class=\"card-body\">\n                                <div class=\"card-texts\">\n                                    <h5 class=\"card-title\">Kuria<\/h5>\n                                    <p class=\"card-author\">Nowak Artur <\/p>                                    <p class=\"link-to-book\"><a href=\"https:\/\/bpsiedlce.pl\/en\/books\/kuria\/\" class=\"card-button-check\">Check<img decoding=\"async\" src=\"\/wp-content\/uploads\/2021\/05\/next.svg\" \/><\/a><\/p>\n                                <\/div>\n                            <\/div>\n                        <\/div>\n                                                                        <div class=\"card col\">\n                            <img decoding=\"async\" src=\"https:\/\/bpsiedlce.pl\/wp-content\/uploads\/sites\/5\/2026\/02\/jutro_zostaje.jpg\" alt=\"Jutro zostaj\u0119 w domu : o fobii szkolnej dzieci i m\u0142odzie\u017cy\" class=\"card-img-top\">\n                            <div class=\"card-body\">\n                                <div class=\"card-texts\">\n                                    <h5 class=\"card-title\">Jutro zostaj\u0119 w domu : o fobii szkolnej dzieci i m\u0142odzie\u017cy<\/h5>\n                                    <p class=\"card-author\">Vicari Stefano<\/p>                                    <p class=\"link-to-book\"><a href=\"https:\/\/bpsiedlce.pl\/en\/books\/jutro-zostaje-w-domu-o-fobii-szkolnej-dzieci-i-mlodziezy\/\" class=\"card-button-check\">Check<img decoding=\"async\" src=\"\/wp-content\/uploads\/2021\/05\/next.svg\" \/><\/a><\/p>\n                                <\/div>\n                            <\/div>\n                        <\/div>\n                                                <\/div>\n                        <div class=\"cards-wrapper row\">\n                                                                        <\/div>\n                    <\/div>\n                <div class=\"buttons-block\">\n    <button class=\"carousel-control-prev\" type=\"button\" data-bs-target=\"#carouselNewest\" data-bs-slide=\"prev\">\n        <span class=\"carousel-control-prev-icon\" alt=\"prev\" aria-hidden=\"true\"><\/span>\n        <span class=\"visually-hidden\">Previous<\/span>\n    <\/button>\n    <button class=\"carousel-control-next\" type=\"button\" data-bs-target=\"#carouselNewest\" data-bs-slide=\"next\">\n        <span class=\"carousel-control-next-icon\" alt=\"next\" aria-hidden=\"true\"><\/span>\n        <span class=\"visually-hidden\">Next<\/span>\n    <\/button>\n<\/div>\n<\/div>\n<\/div>\n<\/div>\n<script type=\"text\/javascript\">\n    jQuery($ => {\n        function SliderStop() {\n            const myCarousel = document.querySelector('#carouselNewest');\n            const carousel = new bootstrap.Carousel(myCarousel);\n            carousel.pause();\n        }\n        SliderStop();\n    });\n<\/script>\n\n\n<p><\/p>\n\n\n<div id=\"carouselczasopisma-69f1f1c111323\" class=\"featured-carousel-books carousel slide\" style=\"background-color: #ffffff\">\n\n    <h2 class=\"bs-title\"><b>Magazines<\/b><\/h2>\n\n    <div class=\"carousel-inner\">\n                        <div class=\"carousel-item active\">\n                    <div class=\"cards-wrapper\">\n                                        <div class=\"card\" tabindex=\"0\">\n                         <img decoding=\"async\" src=\"https:\/\/bpsiedlce.pl\/wp-content\/uploads\/sites\/5\/2025\/12\/wychowawca_1_2026-scaled.jpg\" class=\"card-img-top\" alt=\"Wychowawca\">\n                        <div class=\"card-body\">\n                            <h3 class=\"card-title\">Wychowawca<\/h3>\n                                                        <p class=\"card-author\">1\/2026<\/p>                                                        <p class=\"link-to-book\"><a href=\"https:\/\/bpsiedlce.pl\/en\/books\/wychowawca\/\" class=\"card-button-check\">Check <img decoding=\"async\" src=\"\/wp-content\/uploads\/2021\/05\/next.svg\" \/><\/a><\/p>\n                        <\/div>\n                    <\/div>\n                                        <div class=\"card\" tabindex=\"0\">\n                         <img decoding=\"async\" src=\"https:\/\/bpsiedlce.pl\/wp-content\/uploads\/sites\/5\/2026\/03\/dyrektor_szkoly_4_2026-scaled.jpg\" class=\"card-img-top\" alt=\"Dyrektor Szko\u0142y\">\n                        <div class=\"card-body\">\n                            <h3 class=\"card-title\">Dyrektor Szko\u0142y<\/h3>\n                                                        <p class=\"card-author\">4\/2026<\/p>                                                        <p class=\"link-to-book\"><a href=\"https:\/\/bpsiedlce.pl\/en\/books\/dyrektor-szkoly\/\" class=\"card-button-check\">Check <img decoding=\"async\" src=\"\/wp-content\/uploads\/2021\/05\/next.svg\" \/><\/a><\/p>\n                        <\/div>\n                    <\/div>\n                                        <div class=\"card\" tabindex=\"0\">\n                         <img decoding=\"async\" src=\"https:\/\/bpsiedlce.pl\/wp-content\/uploads\/sites\/5\/2026\/03\/poradnik_bibliotekarza_4_2026-scaled.jpg\" class=\"card-img-top\" alt=\"Poradnik Bibliotekarza\">\n                        <div class=\"card-body\">\n                            <h3 class=\"card-title\">Poradnik Bibliotekarza<\/h3>\n                                                        <p class=\"card-author\">4\/2026<\/p>                                                        <p class=\"link-to-book\"><a href=\"https:\/\/bpsiedlce.pl\/en\/books\/poradnik-bibliotekarza\/\" class=\"card-button-check\">Check <img decoding=\"async\" src=\"\/wp-content\/uploads\/2021\/05\/next.svg\" \/><\/a><\/p>\n                        <\/div>\n                    <\/div>\n                                        <div class=\"card\" tabindex=\"0\">\n                         <img decoding=\"async\" src=\"https:\/\/bpsiedlce.pl\/wp-content\/uploads\/sites\/5\/2026\/03\/bibliotekaraz_4_2026-scaled.jpg\" class=\"card-img-top\" alt=\"Bibliotekarz\">\n                        <div class=\"card-body\">\n                            <h3 class=\"card-title\">Bibliotekarz<\/h3>\n                                                        <p class=\"card-author\">4\/2026<\/p>                                                        <p class=\"link-to-book\"><a href=\"https:\/\/bpsiedlce.pl\/en\/books\/bibliotekarz\/\" class=\"card-button-check\">Check <img decoding=\"async\" src=\"\/wp-content\/uploads\/2021\/05\/next.svg\" \/><\/a><\/p>\n                        <\/div>\n                    <\/div>\n                                        <\/div>\n                <\/div>\n                            <div class=\"carousel-item \">\n                    <div class=\"cards-wrapper\">\n                                        <div class=\"card\" tabindex=\"0\">\n                         <img decoding=\"async\" src=\"https:\/\/bpsiedlce.pl\/wp-content\/uploads\/sites\/5\/2026\/01\/monitor_dyrektora_szlpy_2_2026-scaled.jpg\" class=\"card-img-top\" alt=\"Monitor Dyrektora Szko\u0142y\">\n                        <div class=\"card-body\">\n                            <h3 class=\"card-title\">Monitor Dyrektora Szko\u0142y<\/h3>\n                                                        <p class=\"card-author\">2\/2026<\/p>                                                        <p class=\"link-to-book\"><a href=\"https:\/\/bpsiedlce.pl\/en\/books\/monitor-dyrektora-szkoly\/\" class=\"card-button-check\">Check <img decoding=\"async\" src=\"\/wp-content\/uploads\/2021\/05\/next.svg\" \/><\/a><\/p>\n                        <\/div>\n                    <\/div>\n                                        <div class=\"card\" tabindex=\"0\">\n                         <img decoding=\"async\" src=\"https:\/\/bpsiedlce.pl\/wp-content\/uploads\/sites\/5\/2026\/02\/wychowanie_w_przedszkolu_2_2026-scaled.jpg\" class=\"card-img-top\" alt=\"Wychowanie w Przedszkolu\">\n                        <div class=\"card-body\">\n                            <h3 class=\"card-title\">Wychowanie w Przedszkolu<\/h3>\n                                                        <p class=\"card-author\">2\/2026<\/p>                                                        <p class=\"link-to-book\"><a href=\"https:\/\/bpsiedlce.pl\/en\/books\/wychowanie-w-przedszkolu\/\" class=\"card-button-check\">Check <img decoding=\"async\" src=\"\/wp-content\/uploads\/2021\/05\/next.svg\" \/><\/a><\/p>\n                        <\/div>\n                    <\/div>\n                                        <div class=\"card\" tabindex=\"0\">\n                         <img decoding=\"async\" src=\"https:\/\/bpsiedlce.pl\/wp-content\/uploads\/sites\/5\/2026\/03\/Biblioteka_w_szkole_4_2026-scaled.jpg\" class=\"card-img-top\" alt=\"Biblioteka w Szkole\">\n                        <div class=\"card-body\">\n                            <h3 class=\"card-title\">Biblioteka w Szkole<\/h3>\n                                                        <p class=\"card-author\">4\/2026<\/p>                                                        <p class=\"link-to-book\"><a href=\"https:\/\/bpsiedlce.pl\/en\/books\/biblioteka-w-szkole\/\" class=\"card-button-check\">Check <img decoding=\"async\" src=\"\/wp-content\/uploads\/2021\/05\/next.svg\" \/><\/a><\/p>\n                        <\/div>\n                    <\/div>\n                                        <div class=\"card\" tabindex=\"0\">\n                         <img decoding=\"async\" src=\"https:\/\/bpsiedlce.pl\/wp-content\/uploads\/sites\/5\/2026\/03\/national_geographic_5_2026-scaled.jpg\" class=\"card-img-top\" alt=\"National Geographic Traveler\">\n                        <div class=\"card-body\">\n                            <h3 class=\"card-title\">National Geographic Traveler<\/h3>\n                                                        <p class=\"card-author\">5\/2026<\/p>                                                        <p class=\"link-to-book\"><a href=\"https:\/\/bpsiedlce.pl\/en\/books\/national-geographic-traveler\/\" class=\"card-button-check\">Check <img decoding=\"async\" src=\"\/wp-content\/uploads\/2021\/05\/next.svg\" \/><\/a><\/p>\n                        <\/div>\n                    <\/div>\n                                        <\/div>\n                <\/div>\n                            <div class=\"carousel-item \">\n                    <div class=\"cards-wrapper\">\n                                        <div class=\"card\" tabindex=\"0\">\n                         <img decoding=\"async\" src=\"https:\/\/bpsiedlce.pl\/wp-content\/uploads\/sites\/5\/2026\/02\/charaktery_5_6_2026-scaled.jpg\" class=\"card-img-top\" alt=\"Charaktery\">\n                        <div class=\"card-body\">\n                            <h3 class=\"card-title\">Charaktery<\/h3>\n                                                        <p class=\"card-author\">5-6\/2026<\/p>                                                        <p class=\"link-to-book\"><a href=\"https:\/\/bpsiedlce.pl\/en\/books\/charaktery\/\" class=\"card-button-check\">Check <img decoding=\"async\" src=\"\/wp-content\/uploads\/2021\/05\/next.svg\" \/><\/a><\/p>\n                        <\/div>\n                    <\/div>\n                                        <div class=\"card\" tabindex=\"0\">\n                         <img decoding=\"async\" src=\"https:\/\/bpsiedlce.pl\/wp-content\/uploads\/sites\/5\/2026\/01\/jezyki_obce_1_2026-scaled.jpg\" class=\"card-img-top\" alt=\"J\u0119zyki Obce w Szkole\">\n                        <div class=\"card-body\">\n                            <h3 class=\"card-title\">J\u0119zyki Obce w Szkole<\/h3>\n                                                        <p class=\"card-author\">1\/2026<\/p>                                                        <p class=\"link-to-book\"><a href=\"https:\/\/bpsiedlce.pl\/en\/books\/jezyki-obce-w-szkole\/\" class=\"card-button-check\">Check <img decoding=\"async\" src=\"\/wp-content\/uploads\/2021\/05\/next.svg\" \/><\/a><\/p>\n                        <\/div>\n                    <\/div>\n                                        <div class=\"card\" tabindex=\"0\">\n                         <img decoding=\"async\" src=\"https:\/\/bpsiedlce.pl\/wp-content\/uploads\/sites\/5\/2026\/03\/blizej_przedszkola_2_2026-scaled.jpg\" class=\"card-img-top\" alt=\"Bli\u017cej Przedszkola\">\n                        <div class=\"card-body\">\n                            <h3 class=\"card-title\">Bli\u017cej Przedszkola<\/h3>\n                                                        <p class=\"card-author\">4\/2026<\/p>                                                        <p class=\"link-to-book\"><a href=\"https:\/\/bpsiedlce.pl\/en\/books\/blizej-przedszkola\/\" class=\"card-button-check\">Check <img decoding=\"async\" src=\"\/wp-content\/uploads\/2021\/05\/next.svg\" \/><\/a><\/p>\n                        <\/div>\n                    <\/div>\n                                        <div class=\"card\" tabindex=\"0\">\n                         <img decoding=\"async\" src=\"https:\/\/bpsiedlce.pl\/wp-content\/uploads\/sites\/5\/2026\/03\/sens_5_2026-scaled.jpg\" class=\"card-img-top\" alt=\"Sens\">\n                        <div class=\"card-body\">\n                            <h3 class=\"card-title\">Sens<\/h3>\n                                                        <p class=\"card-author\">5\/2026<\/p>                                                        <p class=\"link-to-book\"><a href=\"https:\/\/bpsiedlce.pl\/en\/books\/sens\/\" class=\"card-button-check\">Check <img decoding=\"async\" src=\"\/wp-content\/uploads\/2021\/05\/next.svg\" \/><\/a><\/p>\n                        <\/div>\n                    <\/div>\n                                        <\/div>\n                <\/div>\n                    <div class=\"carousel-indicators\">\n                            <button type=\"button\" data-bs-target=\"#carouselczasopisma-69f1f1c111323\" data-bs-slide-to=\"0\" class=\"active\" aria-current=\"true\" aria-label=\"Slide 1 \"><\/button>\n                            <button type=\"button\" data-bs-target=\"#carouselczasopisma-69f1f1c111323\" data-bs-slide-to=\"1\" class=\"\" aria-current=\"true\" aria-label=\"Slide 2 \"><\/button>\n                            <button type=\"button\" data-bs-target=\"#carouselczasopisma-69f1f1c111323\" data-bs-slide-to=\"2\" class=\"\" aria-current=\"true\" aria-label=\"Slide 3 \"><\/button>\n                    <\/div>\n    <div class=\"buttons-block\">\n    <button class=\"carousel-control-prev\" type=\"button\" data-bs-target=\"#carouselczasopisma-69f1f1c111323\" data-bs-slide=\"prev\">\n        <span class=\"carousel-control-prev-icon\"  aria-hidden=\"true\"><\/span>\n        <span class=\"visually-hidden\"alt=\"prev button\">prev button<\/span>\n    <\/button>\n    <button class=\"carousel-control-next\" type=\"button\" data-bs-target=\"#carouselczasopisma-69f1f1c111323\" data-bs-slide=\"next\">\n        <span class=\"carousel-control-next-icon\"  aria-hidden=\"true\"><\/span>\n        <span class=\"visually-hidden\" alt=\"next button\">next button<\/span>\n    <\/button>\n<\/div>\n<\/div>\n<div class=\"see-more-button\">\n    <a aria-label=\"Zobacz wi\u0119cej\" class=\"bs-see-more\" href=\"https:\/\/bpsiedlce.pl\/en\/cat_books\/czasopisma-en\/\">See more!<\/a>\n<\/div>\n<\/div>\n\n<script type=\"text\/javascript\">\n    \n  jQuery($ => {\n        function SliderStop() {\n            const myCarousel = document.querySelector('#carouselczasopisma-69f1f1c111323');\n            const carousel = new bootstrap.Carousel(myCarousel);\n            carousel.pause();\n        }\n        SliderStop();\n    });\n<\/script>\n\n\n<p><\/p>\n\n\n<div id=\"carouselfilm-69f1f1c12435c\" class=\"featured-carousel-books carousel slide\" style=\"background-color: #ffffff\">\n\n    <h2 class=\"bs-title\"><b>Movies<\/b><\/h2>\n\n    <div class=\"carousel-inner\">\n                        <div class=\"carousel-item active\">\n                    <div class=\"cards-wrapper\">\n                                        <div class=\"card\" tabindex=\"0\">\n                         <img decoding=\"async\" src=\"https:\/\/bpsiedlce.pl\/wp-content\/uploads\/sites\/5\/2026\/04\/tron.jpg\" class=\"card-img-top\" alt=\"Tron: Ares\">\n                        <div class=\"card-body\">\n                            <h3 class=\"card-title\">Tron: Ares<\/h3>\n                            <p class=\"card-author\">re\u017c. Joachim R\u00f8nning<\/p>                            <p class=\"card-author\">DVD 4432<\/p>                                                        <p class=\"link-to-book\"><a href=\"https:\/\/bpsiedlce.pl\/en\/books\/tron-ares\/\" class=\"card-button-check\">Check <img decoding=\"async\" src=\"\/wp-content\/uploads\/2021\/05\/next.svg\" \/><\/a><\/p>\n                        <\/div>\n                    <\/div>\n                                        <div class=\"card\" tabindex=\"0\">\n                         <img decoding=\"async\" src=\"https:\/\/bpsiedlce.pl\/wp-content\/uploads\/sites\/5\/2026\/04\/anonimus.jpg\" class=\"card-img-top\" alt=\"Anonimus\">\n                        <div class=\"card-body\">\n                            <h3 class=\"card-title\">Anonimus<\/h3>\n                            <p class=\"card-author\">re\u017c. Roland Emmerich<\/p>                            <p class=\"card-author\">DVD 4429<\/p>                                                        <p class=\"link-to-book\"><a href=\"https:\/\/bpsiedlce.pl\/en\/books\/anonimus\/\" class=\"card-button-check\">Check <img decoding=\"async\" src=\"\/wp-content\/uploads\/2021\/05\/next.svg\" \/><\/a><\/p>\n                        <\/div>\n                    <\/div>\n                                        <div class=\"card\" tabindex=\"0\">\n                         <img decoding=\"async\" src=\"https:\/\/bpsiedlce.pl\/wp-content\/uploads\/sites\/5\/2026\/03\/bolek_i_lolek.jpg\" class=\"card-img-top\" alt=\"Bolek i Lolek : najwi\u0119ksze przygody.\">\n                        <div class=\"card-body\">\n                            <h3 class=\"card-title\">Bolek i Lolek : najwi\u0119ksze przygody.<\/h3>\n                                                        <p class=\"card-author\">DVD 4385<\/p>                                                        <p class=\"link-to-book\"><a href=\"https:\/\/bpsiedlce.pl\/en\/books\/bolek-i-lolek-najwieksze-przygody\/\" class=\"card-button-check\">Check <img decoding=\"async\" src=\"\/wp-content\/uploads\/2021\/05\/next.svg\" \/><\/a><\/p>\n                        <\/div>\n                    <\/div>\n                                        <div class=\"card\" tabindex=\"0\">\n                         <img decoding=\"async\" src=\"https:\/\/bpsiedlce.pl\/wp-content\/uploads\/sites\/5\/2026\/02\/mlodosc_astrid.png\" class=\"card-img-top\" alt=\"M\u0142odo\u015b\u0107 Astrid\">\n                        <div class=\"card-body\">\n                            <h3 class=\"card-title\">M\u0142odo\u015b\u0107 Astrid<\/h3>\n                            <p class=\"card-author\">re\u017c. Pernille Fischer Christensen<\/p>                            <p class=\"card-author\">DVD 4416<\/p>                                                        <p class=\"link-to-book\"><a href=\"https:\/\/bpsiedlce.pl\/en\/books\/mlodosc-astrid\/\" class=\"card-button-check\">Check <img decoding=\"async\" src=\"\/wp-content\/uploads\/2021\/05\/next.svg\" \/><\/a><\/p>\n                        <\/div>\n                    <\/div>\n                                        <\/div>\n                <\/div>\n                            <div class=\"carousel-item \">\n                    <div class=\"cards-wrapper\">\n                                        <div class=\"card\" tabindex=\"0\">\n                         <img decoding=\"async\" src=\"https:\/\/bpsiedlce.pl\/wp-content\/uploads\/sites\/5\/2026\/02\/nadzieja.jpg\" class=\"card-img-top\" alt=\"Nadzieja\">\n                        <div class=\"card-body\">\n                            <h3 class=\"card-title\">Nadzieja<\/h3>\n                            <p class=\"card-author\">re\u017c. Maria S\u00f8dahl<\/p>                            <p class=\"card-author\">DVD 4418<\/p>                                                        <p class=\"link-to-book\"><a href=\"https:\/\/bpsiedlce.pl\/en\/books\/nadzieja\/\" class=\"card-button-check\">Check <img decoding=\"async\" src=\"\/wp-content\/uploads\/2021\/05\/next.svg\" \/><\/a><\/p>\n                        <\/div>\n                    <\/div>\n                                        <div class=\"card\" tabindex=\"0\">\n                         <img decoding=\"async\" src=\"https:\/\/bpsiedlce.pl\/wp-content\/uploads\/sites\/5\/2026\/02\/nikt.jpg\" class=\"card-img-top\" alt=\"Nikt\">\n                        <div class=\"card-body\">\n                            <h3 class=\"card-title\">Nikt<\/h3>\n                            <p class=\"card-author\">re\u017c. Ilya Naishuller<\/p>                            <p class=\"card-author\">DVD 4419<\/p>                                                        <p class=\"link-to-book\"><a href=\"https:\/\/bpsiedlce.pl\/en\/books\/nikt\/\" class=\"card-button-check\">Check <img decoding=\"async\" src=\"\/wp-content\/uploads\/2021\/05\/next.svg\" \/><\/a><\/p>\n                        <\/div>\n                    <\/div>\n                                        <div class=\"card\" tabindex=\"0\">\n                         <img decoding=\"async\" src=\"https:\/\/bpsiedlce.pl\/wp-content\/uploads\/sites\/5\/2026\/02\/moje_ulubione_ciasto.jpg\" class=\"card-img-top\" alt=\"Moje ulubione ciasto\">\n                        <div class=\"card-body\">\n                            <h3 class=\"card-title\">Moje ulubione ciasto<\/h3>\n                            <p class=\"card-author\">re\u017c. Maryam Moghadam, Behtash Sanaeeha<\/p>                            <p class=\"card-author\">DVD 4417<\/p>                                                        <p class=\"link-to-book\"><a href=\"https:\/\/bpsiedlce.pl\/en\/books\/moje-ulubione-ciasto\/\" class=\"card-button-check\">Check <img decoding=\"async\" src=\"\/wp-content\/uploads\/2021\/05\/next.svg\" \/><\/a><\/p>\n                        <\/div>\n                    <\/div>\n                                        <div class=\"card\" tabindex=\"0\">\n                         <img decoding=\"async\" src=\"https:\/\/bpsiedlce.pl\/wp-content\/uploads\/sites\/5\/2026\/02\/jedenaste.jpg\" class=\"card-img-top\" alt=\"Jedenaste: znaj s\u0105siada swego\">\n                        <div class=\"card-body\">\n                            <h3 class=\"card-title\">Jedenaste: znaj s\u0105siada swego<\/h3>\n                            <p class=\"card-author\">re\u017c. Daniel Br\u00fchl<\/p>                            <p class=\"card-author\">DVD 4411<\/p>                                                        <p class=\"link-to-book\"><a href=\"https:\/\/bpsiedlce.pl\/en\/books\/jedenaste-znaj-sasiada-swego\/\" class=\"card-button-check\">Check <img decoding=\"async\" src=\"\/wp-content\/uploads\/2021\/05\/next.svg\" \/><\/a><\/p>\n                        <\/div>\n                    <\/div>\n                                        <\/div>\n                <\/div>\n                            <div class=\"carousel-item \">\n                    <div class=\"cards-wrapper\">\n                                        <div class=\"card\" tabindex=\"0\">\n                         <img decoding=\"async\" src=\"https:\/\/bpsiedlce.pl\/wp-content\/uploads\/sites\/5\/2026\/02\/ksiegarnia_z_marzeniami.jpg\" class=\"card-img-top\" alt=\"Ksi\u0119garnia z marzeniami\">\n                        <div class=\"card-body\">\n                            <h3 class=\"card-title\">Ksi\u0119garnia z marzeniami<\/h3>\n                            <p class=\"card-author\">re\u017c. Isabel Coixet<\/p>                            <p class=\"card-author\">DVD 4415<\/p>                                                        <p class=\"link-to-book\"><a href=\"https:\/\/bpsiedlce.pl\/en\/books\/ksiegarnia-z-marzeniami\/\" class=\"card-button-check\">Check <img decoding=\"async\" src=\"\/wp-content\/uploads\/2021\/05\/next.svg\" \/><\/a><\/p>\n                        <\/div>\n                    <\/div>\n                                        <div class=\"card\" tabindex=\"0\">\n                         <img decoding=\"async\" src=\"https:\/\/bpsiedlce.pl\/wp-content\/uploads\/sites\/5\/2026\/02\/impersjonisci.jpg\" class=\"card-img-top\" alt=\"Impresjoni\u015bci\">\n                        <div class=\"card-body\">\n                            <h3 class=\"card-title\">Impresjoni\u015bci<\/h3>\n                            <p class=\"card-author\">re\u017c. Martin Provost<\/p>                            <p class=\"card-author\">DVD 4410<\/p>                                                        <p class=\"link-to-book\"><a href=\"https:\/\/bpsiedlce.pl\/en\/books\/impresjonisci\/\" class=\"card-button-check\">Check <img decoding=\"async\" src=\"\/wp-content\/uploads\/2021\/05\/next.svg\" \/><\/a><\/p>\n                        <\/div>\n                    <\/div>\n                                        <div class=\"card\" tabindex=\"0\">\n                         <img decoding=\"async\" src=\"https:\/\/bpsiedlce.pl\/wp-content\/uploads\/sites\/5\/2026\/02\/historia_mojej_zony.jpg\" class=\"card-img-top\" alt=\"Historia mojej \u017cony\">\n                        <div class=\"card-body\">\n                            <h3 class=\"card-title\">Historia mojej \u017cony<\/h3>\n                            <p class=\"card-author\">re\u017c. Ildik\u00f3 Enyedi<\/p>                            <p class=\"card-author\">DVD 4409<\/p>                                                        <p class=\"link-to-book\"><a href=\"https:\/\/bpsiedlce.pl\/en\/books\/historia-mojej-zony\/\" class=\"card-button-check\">Check <img decoding=\"async\" src=\"\/wp-content\/uploads\/2021\/05\/next.svg\" \/><\/a><\/p>\n                        <\/div>\n                    <\/div>\n                                        <div class=\"card\" tabindex=\"0\">\n                         <img decoding=\"async\" src=\"https:\/\/bpsiedlce.pl\/wp-content\/uploads\/sites\/5\/2026\/02\/flow.jpg\" class=\"card-img-top\" alt=\"Flow\">\n                        <div class=\"card-body\">\n                            <h3 class=\"card-title\">Flow<\/h3>\n                            <p class=\"card-author\">re\u017c. Gints Zilbalodis<\/p>                            <p class=\"card-author\">DVD 4408<\/p>                                                        <p class=\"link-to-book\"><a href=\"https:\/\/bpsiedlce.pl\/en\/books\/flow\/\" class=\"card-button-check\">Check <img decoding=\"async\" src=\"\/wp-content\/uploads\/2021\/05\/next.svg\" \/><\/a><\/p>\n                        <\/div>\n                    <\/div>\n                                        <\/div>\n                <\/div>\n                    <div class=\"carousel-indicators\">\n                            <button type=\"button\" data-bs-target=\"#carouselfilm-69f1f1c12435c\" data-bs-slide-to=\"0\" class=\"active\" aria-current=\"true\" aria-label=\"Slide 1 \"><\/button>\n                            <button type=\"button\" data-bs-target=\"#carouselfilm-69f1f1c12435c\" data-bs-slide-to=\"1\" class=\"\" aria-current=\"true\" aria-label=\"Slide 2 \"><\/button>\n                            <button type=\"button\" data-bs-target=\"#carouselfilm-69f1f1c12435c\" data-bs-slide-to=\"2\" class=\"\" aria-current=\"true\" aria-label=\"Slide 3 \"><\/button>\n                    <\/div>\n    <div class=\"buttons-block\">\n    <button class=\"carousel-control-prev\" type=\"button\" data-bs-target=\"#carouselfilm-69f1f1c12435c\" data-bs-slide=\"prev\">\n        <span class=\"carousel-control-prev-icon\"  aria-hidden=\"true\"><\/span>\n        <span class=\"visually-hidden\"alt=\"prev button\">prev button<\/span>\n    <\/button>\n    <button class=\"carousel-control-next\" type=\"button\" data-bs-target=\"#carouselfilm-69f1f1c12435c\" data-bs-slide=\"next\">\n        <span class=\"carousel-control-next-icon\"  aria-hidden=\"true\"><\/span>\n        <span class=\"visually-hidden\" alt=\"next button\">next button<\/span>\n    <\/button>\n<\/div>\n<\/div>\n<div class=\"see-more-button\">\n    <a aria-label=\"Zobacz wi\u0119cej\" class=\"bs-see-more\" href=\"https:\/\/bpsiedlce.pl\/cat_books\/film\/\">See more!<\/a>\n<\/div>\n<\/div>\n\n<script type=\"text\/javascript\">\n    \n  jQuery($ => {\n        function SliderStop() {\n            const myCarousel = document.querySelector('#carouselfilm-69f1f1c12435c');\n            const carousel = new bootstrap.Carousel(myCarousel);\n            carousel.pause();\n        }\n        SliderStop();\n    });\n<\/script>\n\n\n<p><\/p>\n\n\n<div id=\"carouselgry-69f1f1c1391e8\" class=\"featured-carousel-books carousel slide\" style=\"background-color: #ffffff\">\n\n    <h2 class=\"bs-title\"><b>Educational games<\/b><\/h2>\n\n    <div class=\"carousel-inner\">\n                        <div class=\"carousel-item active\">\n                    <div class=\"cards-wrapper\">\n                                        <div class=\"card\" tabindex=\"0\">\n                         <img decoding=\"async\" src=\"https:\/\/bpsiedlce.pl\/wp-content\/uploads\/sites\/5\/2026\/04\/Emocjonalne_potyczki_pudelko_150dpi_1.jpg\" class=\"card-img-top\" alt=\"Emocjonalne potyczki : gra terapeutyczna rozwijaj\u0105ca kompet\u2026\">\n                        <div class=\"card-body\">\n                            <h3 class=\"card-title\">Emocjonalne potyczki : gra terapeutyczna rozwijaj\u0105ca kompetencje emocjonalno-spo\u0142eczne<\/h3>\n                                                        <p class=\"card-author\">GD 534<\/p>                                                        <p class=\"link-to-book\"><a href=\"https:\/\/bpsiedlce.pl\/en\/books\/emocjonalne-potyczki-gra-terapeutyczna-rozwijajaca-kompetencje-emocjonalno-spoleczne\/\" class=\"card-button-check\">Check <img decoding=\"async\" src=\"\/wp-content\/uploads\/2021\/05\/next.svg\" \/><\/a><\/p>\n                        <\/div>\n                    <\/div>\n                                        <div class=\"card\" tabindex=\"0\">\n                         <img decoding=\"async\" src=\"https:\/\/bpsiedlce.pl\/wp-content\/uploads\/sites\/5\/2026\/04\/Moc_relacji_pudelko_150dpi_0.jpg\" class=\"card-img-top\" alt=\"Moc relacji : gra planszowa wspieraj\u0105ca rozw\u00f3j kompetencji \u2026\">\n                        <div class=\"card-body\">\n                            <h3 class=\"card-title\">Moc relacji : gra planszowa wspieraj\u0105ca rozw\u00f3j kompetencji emocjonalno-spo\u0142ecznych<\/h3>\n                                                        <p class=\"card-author\">GD 535<\/p>                                                        <p class=\"link-to-book\"><a href=\"https:\/\/bpsiedlce.pl\/en\/books\/moc-relacji-gra-planszowa-wspierajaca-rozwoj-kompetencji-emocjonalno-spolecznych\/\" class=\"card-button-check\">Check <img decoding=\"async\" src=\"\/wp-content\/uploads\/2021\/05\/next.svg\" \/><\/a><\/p>\n                        <\/div>\n                    <\/div>\n                                        <div class=\"card\" tabindex=\"0\">\n                         <img decoding=\"async\" src=\"https:\/\/bpsiedlce.pl\/wp-content\/uploads\/sites\/5\/2026\/04\/kangur-\u2014-kopia.jpg\" class=\"card-img-top\" alt=\"Skupienie uwagi. Obserwacja : gra dla seniora\">\n                        <div class=\"card-body\">\n                            <h3 class=\"card-title\">Skupienie uwagi. Obserwacja : gra dla seniora<\/h3>\n                                                        <p class=\"card-author\">GD 542<\/p>                                                        <p class=\"link-to-book\"><a href=\"https:\/\/bpsiedlce.pl\/en\/books\/skupienie-uwagi-obserwacja-gra-dla-seniora\/\" class=\"card-button-check\">Check <img decoding=\"async\" src=\"\/wp-content\/uploads\/2021\/05\/next.svg\" \/><\/a><\/p>\n                        <\/div>\n                    <\/div>\n                                        <div class=\"card\" tabindex=\"0\">\n                         <img decoding=\"async\" src=\"https:\/\/bpsiedlce.pl\/wp-content\/uploads\/sites\/5\/2026\/04\/kangur.jpg\" class=\"card-img-top\" alt=\"Logiczne my\u015blenie : gra dla seniora\">\n                        <div class=\"card-body\">\n                            <h3 class=\"card-title\">Logiczne my\u015blenie : gra dla seniora<\/h3>\n                                                        <p class=\"card-author\">GD 541<\/p>                                                        <p class=\"link-to-book\"><a href=\"https:\/\/bpsiedlce.pl\/en\/books\/logiczne-myslenie-gra-dla-seniora\/\" class=\"card-button-check\">Check <img decoding=\"async\" src=\"\/wp-content\/uploads\/2021\/05\/next.svg\" \/><\/a><\/p>\n                        <\/div>\n                    <\/div>\n                                        <\/div>\n                <\/div>\n                            <div class=\"carousel-item \">\n                    <div class=\"cards-wrapper\">\n                                        <div class=\"card\" tabindex=\"0\">\n                         <img decoding=\"async\" src=\"https:\/\/bpsiedlce.pl\/wp-content\/uploads\/sites\/5\/2026\/04\/film2.jpg\" class=\"card-img-top\" alt=\"Jestem twoim filmem\">\n                        <div class=\"card-body\">\n                            <h3 class=\"card-title\">Jestem twoim filmem<\/h3>\n                                                        <p class=\"card-author\">GD 546<\/p>                                                        <p class=\"link-to-book\"><a href=\"https:\/\/bpsiedlce.pl\/en\/books\/jestem-twoim-filmem\/\" class=\"card-button-check\">Check <img decoding=\"async\" src=\"\/wp-content\/uploads\/2021\/05\/next.svg\" \/><\/a><\/p>\n                        <\/div>\n                    <\/div>\n                                        <div class=\"card\" tabindex=\"0\">\n                         <img decoding=\"async\" src=\"https:\/\/bpsiedlce.pl\/wp-content\/uploads\/sites\/5\/2026\/04\/tego-nie-naucza-4.jpg\" class=\"card-img-top\" alt=\"Tego nie naucz\u0105 ci\u0119 w szkole 4 : dowiedz si\u0119 czego\u015b nowego \u2026\">\n                        <div class=\"card-body\">\n                            <h3 class=\"card-title\">Tego nie naucz\u0105 ci\u0119 w szkole 4 : dowiedz si\u0119 czego\u015b nowego i przekonaj si\u0119, jak wiele wiesz o \u015bwiecie<\/h3>\n                                                        <p class=\"card-author\">GD 556<\/p>                                                        <p class=\"link-to-book\"><a href=\"https:\/\/bpsiedlce.pl\/en\/books\/tego-nie-naucza-cie-w-szkole-4-dowiedz-sie-czegos-nowego-i-przekonaj-sie-jak-wiele-wiesz-o-swiecie\/\" class=\"card-button-check\">Check <img decoding=\"async\" src=\"\/wp-content\/uploads\/2021\/05\/next.svg\" \/><\/a><\/p>\n                        <\/div>\n                    <\/div>\n                                        <div class=\"card\" tabindex=\"0\">\n                         <img decoding=\"async\" src=\"https:\/\/bpsiedlce.pl\/wp-content\/uploads\/sites\/5\/2026\/04\/tego-nie-naucza-3.jpg\" class=\"card-img-top\" alt=\"Tego nie naucz\u0105 ci\u0119 w szkole 3 : dowiedz si\u0119 czego\u015b nowego \u2026\">\n                        <div class=\"card-body\">\n                            <h3 class=\"card-title\">Tego nie naucz\u0105 ci\u0119 w szkole 3 : dowiedz si\u0119 czego\u015b nowego i przekonaj si\u0119, jak wiele wiesz o Polsce<\/h3>\n                                                        <p class=\"card-author\">GD 555<\/p>                                                        <p class=\"link-to-book\"><a href=\"https:\/\/bpsiedlce.pl\/en\/books\/tego-nie-naucza-cie-w-szkole-3-dowiedz-sie-czegos-nowego-i-przekonaj-sie-jak-wiele-wiesz-o-polsce\/\" class=\"card-button-check\">Check <img decoding=\"async\" src=\"\/wp-content\/uploads\/2021\/05\/next.svg\" \/><\/a><\/p>\n                        <\/div>\n                    <\/div>\n                                        <div class=\"card\" tabindex=\"0\">\n                         <img decoding=\"async\" src=\"https:\/\/bpsiedlce.pl\/wp-content\/uploads\/sites\/5\/2026\/04\/tego-nie-naucza2.jpg\" class=\"card-img-top\" alt=\"Tego nie naucz\u0105 ci\u0119 w szkole 2 : dowiedz si\u0119 czego\u015b nowego \u2026\">\n                        <div class=\"card-body\">\n                            <h3 class=\"card-title\">Tego nie naucz\u0105 ci\u0119 w szkole 2 : dowiedz si\u0119 czego\u015b nowego i przekonaj si\u0119, jak podr\u00f3\u017ce kszta\u0142c\u0105<\/h3>\n                                                        <p class=\"card-author\">GD 554<\/p>                                                        <p class=\"link-to-book\"><a href=\"https:\/\/bpsiedlce.pl\/en\/books\/tego-nie-naucza-cie-w-szkole-2-dowiedz-sie-czegos-nowego-i-przekonaj-sie-jak-podroze-ksztalca\/\" class=\"card-button-check\">Check <img decoding=\"async\" src=\"\/wp-content\/uploads\/2021\/05\/next.svg\" \/><\/a><\/p>\n                        <\/div>\n                    <\/div>\n                                        <\/div>\n                <\/div>\n                            <div class=\"carousel-item \">\n                    <div class=\"cards-wrapper\">\n                                        <div class=\"card\" tabindex=\"0\">\n                         <img decoding=\"async\" src=\"https:\/\/bpsiedlce.pl\/wp-content\/uploads\/sites\/5\/2026\/03\/catan-kupcy-i-barbarzyncy.jpg\" class=\"card-img-top\" alt=\"Catan : kupcy i barbarzy\u0144cy : rozszerzenie\">\n                        <div class=\"card-body\">\n                            <h3 class=\"card-title\">Catan : kupcy i barbarzy\u0144cy : rozszerzenie<\/h3>\n                                                        <p class=\"card-author\">GD 540<\/p>                                                        <p class=\"link-to-book\"><a href=\"https:\/\/bpsiedlce.pl\/en\/books\/catan-kupcy-i-barbarzyncy-rozszerzenie\/\" class=\"card-button-check\">Check <img decoding=\"async\" src=\"\/wp-content\/uploads\/2021\/05\/next.svg\" \/><\/a><\/p>\n                        <\/div>\n                    <\/div>\n                                        <div class=\"card\" tabindex=\"0\">\n                         <img decoding=\"async\" src=\"https:\/\/bpsiedlce.pl\/wp-content\/uploads\/sites\/5\/2026\/03\/w-sadzie.jpg\" class=\"card-img-top\" alt=\"W sadzie\">\n                        <div class=\"card-body\">\n                            <h3 class=\"card-title\">W sadzie<\/h3>\n                                                        <p class=\"card-author\">GD 557<\/p>                                                        <p class=\"link-to-book\"><a href=\"https:\/\/bpsiedlce.pl\/en\/books\/w-sadzie\/\" class=\"card-button-check\">Check <img decoding=\"async\" src=\"\/wp-content\/uploads\/2021\/05\/next.svg\" \/><\/a><\/p>\n                        <\/div>\n                    <\/div>\n                                        <div class=\"card\" tabindex=\"0\">\n                         <img decoding=\"async\" src=\"https:\/\/bpsiedlce.pl\/wp-content\/uploads\/sites\/5\/2026\/03\/Kupcy-i-zeglarze-7-1024x685-1.jpg\" class=\"card-img-top\" alt=\"Kupcy i \u017ceglarze\">\n                        <div class=\"card-body\">\n                            <h3 class=\"card-title\">Kupcy i \u017ceglarze<\/h3>\n                                                        <p class=\"card-author\">GD 550<\/p>                                                        <p class=\"link-to-book\"><a href=\"https:\/\/bpsiedlce.pl\/en\/books\/kupcy-i-zeglarze\/\" class=\"card-button-check\">Check <img decoding=\"async\" src=\"\/wp-content\/uploads\/2021\/05\/next.svg\" \/><\/a><\/p>\n                        <\/div>\n                    <\/div>\n                                        <div class=\"card\" tabindex=\"0\">\n                         <img decoding=\"async\" src=\"https:\/\/bpsiedlce.pl\/wp-content\/uploads\/sites\/5\/2026\/02\/ego-family-scaled.jpg\" class=\"card-img-top\" alt=\"Ego Family\">\n                        <div class=\"card-body\">\n                            <h3 class=\"card-title\">Ego Family<\/h3>\n                                                        <p class=\"card-author\">GD 544<\/p>                                                        <p class=\"link-to-book\"><a href=\"https:\/\/bpsiedlce.pl\/en\/books\/ego-family\/\" class=\"card-button-check\">Check <img decoding=\"async\" src=\"\/wp-content\/uploads\/2021\/05\/next.svg\" \/><\/a><\/p>\n                        <\/div>\n                    <\/div>\n                                        <\/div>\n                <\/div>\n                    <div class=\"carousel-indicators\">\n                            <button type=\"button\" data-bs-target=\"#carouselgry-69f1f1c1391e8\" data-bs-slide-to=\"0\" class=\"active\" aria-current=\"true\" aria-label=\"Slide 1 \"><\/button>\n                            <button type=\"button\" data-bs-target=\"#carouselgry-69f1f1c1391e8\" data-bs-slide-to=\"1\" class=\"\" aria-current=\"true\" aria-label=\"Slide 2 \"><\/button>\n                            <button type=\"button\" data-bs-target=\"#carouselgry-69f1f1c1391e8\" data-bs-slide-to=\"2\" class=\"\" aria-current=\"true\" aria-label=\"Slide 3 \"><\/button>\n                    <\/div>\n    <div class=\"buttons-block\">\n    <button class=\"carousel-control-prev\" type=\"button\" data-bs-target=\"#carouselgry-69f1f1c1391e8\" data-bs-slide=\"prev\">\n        <span class=\"carousel-control-prev-icon\"  aria-hidden=\"true\"><\/span>\n        <span class=\"visually-hidden\"alt=\"prev button\">prev button<\/span>\n    <\/button>\n    <button class=\"carousel-control-next\" type=\"button\" data-bs-target=\"#carouselgry-69f1f1c1391e8\" data-bs-slide=\"next\">\n        <span class=\"carousel-control-next-icon\"  aria-hidden=\"true\"><\/span>\n        <span class=\"visually-hidden\" alt=\"next button\">next button<\/span>\n    <\/button>\n<\/div>\n<\/div>\n<div class=\"see-more-button\">\n    <a aria-label=\"Zobacz wi\u0119cej\" class=\"bs-see-more\" href=\"https:\/\/bpsiedlce.pl\/cat_books\/gry\/\">See more!<\/a>\n<\/div>\n<\/div>\n\n<script type=\"text\/javascript\">\n    \n  jQuery($ => {\n        function SliderStop() {\n            const myCarousel = document.querySelector('#carouselgry-69f1f1c1391e8');\n            const carousel = new bootstrap.Carousel(myCarousel);\n            carousel.pause();\n        }\n        SliderStop();\n    });\n<\/script>\n\n\n<div class=\"wp-block-columns bs-siedlce-blok-kolumny is-layout-flex wp-container-core-columns-is-layout-28f84493 wp-block-columns-is-layout-flex\">\n<div class=\"wp-block-column bs-newsletter-column is-layout-flow wp-block-column-is-layout-flow\">\n<\/div>\n\n\n\n<div class=\"wp-block-column bs-facebook-column is-layout-flow wp-block-column-is-layout-flow\"><div class=\"cff-wrapper\">\n<section class=\"cff-likebox cff-outside cff-top\" >\n\t\t<iframe title=\"Likebox Iframe\" src=\"\" class=\"fb_iframe_widget\" data-likebox-id=\"207994635881349\" data-likebox-width=\"300\" data-likebox-header=\"\" data-hide-cover=\"\" data-hide-cta=\"\" data-likebox-faces=\"\" data-height=\"130\" data-locale=\"pl_PL\" scrolling=\"no\" allowTransparency=\"true\" allow=\"encrypted-media\" ><\/iframe>\n<\/section>\n<div class=\"cff-wrapper-ctn \" ><div id=\"cff\"  class=\"cff cff-list-container  cff-width-resp  cff-default-styles  cff-mob-cols-1 cff-tab-cols-1\"   style=\"width:80%;\"   data-char=\"500\" ><div class=\"cff-posts-wrap\"><div id=\"cff_207994635881349_1417310383758656\" class=\"cff-item cff-photo-post author-biblioteka-pedagogiczna-im-heleny-radli-skiej-w-siedlcach\"  style=\"border-bottom: 1px solid #;\">\n\t<div class=\"cff-author\">\n\t<div class=\"cff-author-text\">\n\t\t\t\t\t<div class=\"cff-page-name cff-author-date\" >\n\t\t\t\t<a href=\"https:\/\/facebook.com\/207994635881349\" target=\"_blank\" rel=\"nofollow noopener\">Biblioteka Pedagogiczna im. Heleny Radli\u0144skiej w Siedlcach<\/a>\n\t\t\t\t<span class=\"cff-story\">  jest z MSCDN Wydzia\u0142 w Siedlcach i 2 innymi u\u017cytkownikami.<\/span>\n\t\t\t<\/div>\n\t\t\t\n<p class=\"cff-date\" > 5 dni temu <\/p>\n\t\t\t<\/div>\n\t<div class=\"cff-author-img \" data-avatar=\"https:\/\/scontent.fwaw3-2.fna.fbcdn.net\/v\/t39.30808-1\/384307013_704980664991635_6853761078683845783_n.jpg?stp=c98.0.1852.1853a_cp0_dst-jpg_s50x50_tt6&#038;_nc_cat=110&#038;ccb=1-7&#038;_nc_sid=f907e8&#038;_nc_ohc=2gh3aqyWytYQ7kNvwHFWGSf&#038;_nc_oc=AdrsJK0Eq9-K4gzaNFTzXUBcAgpkDTeDV_MfodktqQ-YeIRUmno2ZaZ5LOM5eg7G_U8&#038;_nc_zt=24&#038;_nc_ht=scontent.fwaw3-2.fna&#038;edm=AKIiGfEEAAAA&#038;_nc_gid=Yy_MMGZui2vhI8o985bMJQ&#038;_nc_tpa=Q5bMBQEmRICpk4UfoyEfoTKAoJycmrfbcbz3SBaZCC0un6_EVm-0nbt3XiFPg6HtB7_3_CXL8s4lrRwvvQ&#038;oh=00_Af1sME_rT8ZSGfsc9xPKI-gXKCshScwoQepaaKb6c9LM9g&#038;oe=69F0FA01\">\n\t\t<a href=\"https:\/\/facebook.com\/207994635881349\" target=\"_blank\" rel=\"nofollow noopener\"><img decoding=\"async\" src=\"https:\/\/scontent.fwaw3-2.fna.fbcdn.net\/v\/t39.30808-1\/384307013_704980664991635_6853761078683845783_n.jpg?stp=c98.0.1852.1853a_cp0_dst-jpg_s50x50_tt6&#038;_nc_cat=110&#038;ccb=1-7&#038;_nc_sid=f907e8&#038;_nc_ohc=2gh3aqyWytYQ7kNvwHFWGSf&#038;_nc_oc=AdrsJK0Eq9-K4gzaNFTzXUBcAgpkDTeDV_MfodktqQ-YeIRUmno2ZaZ5LOM5eg7G_U8&#038;_nc_zt=24&#038;_nc_ht=scontent.fwaw3-2.fna&#038;edm=AKIiGfEEAAAA&#038;_nc_gid=Yy_MMGZui2vhI8o985bMJQ&#038;_nc_tpa=Q5bMBQEmRICpk4UfoyEfoTKAoJycmrfbcbz3SBaZCC0un6_EVm-0nbt3XiFPg6HtB7_3_CXL8s4lrRwvvQ&#038;oh=00_Af1sME_rT8ZSGfsc9xPKI-gXKCshScwoQepaaKb6c9LM9g&#038;oe=69F0FA01\" title=\"Biblioteka Pedagogiczna im. Heleny Radli\u0144skiej w Siedlcach\" alt=\"Biblioteka Pedagogiczna im. Heleny Radli\u0144skiej w Siedlcach\" width=40 height=40 onerror=\"this.style.display='none'\"><\/a>\n\t<\/div>\n<\/div>\n\n<div class=\"cff-post-text\" >\n\t<span class=\"cff-text\" data-color=\"\">\n\t\t\t\t\t<a class=\"cff-post-text-link\" href=\"https:\/\/www.facebook.com\/photo.php?fbid=1555494846583113&#038;set=a.487389930060282&#038;type=3\" target=\"_blank\" rel=\"nofollow noopener\">\n\t\t\tBiblioteka to co\u015b wi\u0119cej ni\u017c ksi\u0105\u017cki! \ud83d\udcda\u2728<img class=\"cff-linebreak\" \/><img class=\"cff-linebreak\" \/>Jako wsp\u00f3\u0142organizator zapraszamy na wyj\u0105tkow\u0105 konferencj\u0119:<img class=\"cff-linebreak\" \/>\u201eSi\u0142a biblioteki \u2013 historia i pasje Danuty Giewartowskiej\u201d.<img class=\"cff-linebreak\" \/><img class=\"cff-linebreak\" \/>\ud83d\udcc5 15 maja 2026<img class=\"cff-linebreak\" \/>\ud83d\udd5a godz. 11:00<img class=\"cff-linebreak\" \/>\ud83d\udccd aula, ul. As\u0142anowicza 2 w Siedlcach<img class=\"cff-linebreak\" \/><img class=\"cff-linebreak\" \/>Je\u015bli interesuje Ci\u0119 rola bibliotek i inspiruj\u0105ce historie ludzi z pasj\u0105 \u2013 nie mo\u017ce Ci\u0119 zabrakn\u0105\u0107!<img class=\"cff-linebreak\" \/><img class=\"cff-linebreak\" \/>\ud83d\udc49 Zg\u0142oszenia:<img class=\"cff-linebreak\" \/><span class='cff-break-word'>https:\/\/system.mscdn.pl\/zewnetrzne\/zgloszenie\/id\/31316\/o\/\/s\/<\/span><span class=\"cff-post-desc\"  style=\"font-size:12px;\" >Serdecznie zapraszamy na konferencj\u0119 z okazji Og\u00f3lnopolskiego Dnia Bibliotekarza i Bibliotek pt. \u201eSi\u0142a biblioteki \u2013 historia i pasje Danuty Giewartowskiej\u201d, kt\u00f3ra odb\u0119dzie si\u0119 15 maja 2026 r. o godz. 11.00 w auli MSCDN Wydzia\u0142 w Siedlcach.<img class=\"cff-linebreak\" \/><img class=\"cff-linebreak\" \/>Organizatorem wydarzenia jest Kuratorium O\u015bwiaty w Warszawie Delegatura w Siedlcach, a wsp\u00f3\u0142organizatorami:<img class=\"cff-linebreak\" \/>Biblioteka Pedagogiczna im. Heleny Radli\u0144skiej w Siedlcach<img class=\"cff-linebreak\" \/>MSCDN Wydzia\u0142 w Siedlcach<img class=\"cff-linebreak\" \/>Szko\u0142a Podstawowa nr 1 im. Komisji Edukacji Narodowej w Siedlcach<img class=\"cff-linebreak\" \/>SCDiDN Siedlce<img class=\"cff-linebreak\" \/><img class=\"cff-linebreak\" \/>Zapraszamy wszystkich zainteresowanych histori\u0105, rol\u0105 bibliotek oraz inspiruj\u0105c\u0105 dzia\u0142alno\u015bci\u0105 Danuty Giewartowskiej do wsp\u00f3lnego uczestnictwa w tym wyj\u0105tkowym wydarzeniu.<img class=\"cff-linebreak\" \/><img class=\"cff-linebreak\" \/>Formularz zg\u0142oszeniowy\u2b07\ufe0f<img class=\"cff-linebreak\" \/><span class='cff-break-word'><span class='cff-break-word'>https:\/\/system.mscdn.pl\/zewnetrzne\/zgloszenie\/id\/31316\/o\/\/s\/<\/span><\/span> <\/span> \t\t\t\t\t<\/a>\n\t\t\t<\/span>\n\t<span class=\"cff-expand\">&#8230; <a href=\"#\" style=\"color: #\"><span class=\"cff-more\">Zobacz wi\u0119cej<\/span><span class=\"cff-less\">Zobacz mniej<\/span><\/a><\/span>\n\n<\/div>\n\n<\/div>\n\n\n\n<div id=\"cff_207994635881349_1416604053829289\" class=\"cff-item cff-status-post cff-album author-biblioteka-pedagogiczna-im-heleny-radli-skiej-w-siedlcach\"  style=\"border-bottom: 1px solid #;\">\n\t<div class=\"cff-author\">\n\t<div class=\"cff-author-text\">\n\t\t\t\t\t<div class=\"cff-page-name cff-author-date\" >\n\t\t\t\t<a href=\"https:\/\/facebook.com\/207994635881349\" target=\"_blank\" rel=\"nofollow noopener\">Biblioteka Pedagogiczna im. Heleny Radli\u0144skiej w Siedlcach<\/a>\n\t\t\t\t<span class=\"cff-story\">  doda\u0142(a) nowe zdj\u0119cia (6).<\/span>\n\t\t\t<\/div>\n\t\t\t\n<p class=\"cff-date\" > 6 dni temu <\/p>\n\t\t\t<\/div>\n\t<div class=\"cff-author-img \" data-avatar=\"https:\/\/scontent.fwaw3-2.fna.fbcdn.net\/v\/t39.30808-1\/384307013_704980664991635_6853761078683845783_n.jpg?stp=c98.0.1852.1853a_cp0_dst-jpg_s50x50_tt6&#038;_nc_cat=110&#038;ccb=1-7&#038;_nc_sid=f907e8&#038;_nc_ohc=2gh3aqyWytYQ7kNvwHFWGSf&#038;_nc_oc=AdrsJK0Eq9-K4gzaNFTzXUBcAgpkDTeDV_MfodktqQ-YeIRUmno2ZaZ5LOM5eg7G_U8&#038;_nc_zt=24&#038;_nc_ht=scontent.fwaw3-2.fna&#038;edm=AKIiGfEEAAAA&#038;_nc_gid=Yy_MMGZui2vhI8o985bMJQ&#038;_nc_tpa=Q5bMBQEmRICpk4UfoyEfoTKAoJycmrfbcbz3SBaZCC0un6_EVm-0nbt3XiFPg6HtB7_3_CXL8s4lrRwvvQ&#038;oh=00_Af1sME_rT8ZSGfsc9xPKI-gXKCshScwoQepaaKb6c9LM9g&#038;oe=69F0FA01\">\n\t\t<a href=\"https:\/\/facebook.com\/207994635881349\" target=\"_blank\" rel=\"nofollow noopener\"><img decoding=\"async\" src=\"https:\/\/scontent.fwaw3-2.fna.fbcdn.net\/v\/t39.30808-1\/384307013_704980664991635_6853761078683845783_n.jpg?stp=c98.0.1852.1853a_cp0_dst-jpg_s50x50_tt6&#038;_nc_cat=110&#038;ccb=1-7&#038;_nc_sid=f907e8&#038;_nc_ohc=2gh3aqyWytYQ7kNvwHFWGSf&#038;_nc_oc=AdrsJK0Eq9-K4gzaNFTzXUBcAgpkDTeDV_MfodktqQ-YeIRUmno2ZaZ5LOM5eg7G_U8&#038;_nc_zt=24&#038;_nc_ht=scontent.fwaw3-2.fna&#038;edm=AKIiGfEEAAAA&#038;_nc_gid=Yy_MMGZui2vhI8o985bMJQ&#038;_nc_tpa=Q5bMBQEmRICpk4UfoyEfoTKAoJycmrfbcbz3SBaZCC0un6_EVm-0nbt3XiFPg6HtB7_3_CXL8s4lrRwvvQ&#038;oh=00_Af1sME_rT8ZSGfsc9xPKI-gXKCshScwoQepaaKb6c9LM9g&#038;oe=69F0FA01\" title=\"Biblioteka Pedagogiczna im. Heleny Radli\u0144skiej w Siedlcach\" alt=\"Biblioteka Pedagogiczna im. Heleny Radli\u0144skiej w Siedlcach\" width=40 height=40 onerror=\"this.style.display='none'\"><\/a>\n\t<\/div>\n<\/div>\n\n<div class=\"cff-post-text\" >\n\t<span class=\"cff-text\" data-color=\"\">\n\t\t\t\t\t<a class=\"cff-post-text-link\" href=\"https:\/\/www.facebook.com\/777915777698123\/posts\/1416604053829289\" target=\"_blank\" rel=\"nofollow noopener\">\n\t\t\t23 kwietnia, w \u015awiatowym Dniu Ksi\u0105\u017cki i Praw Autorskich, nasz\u0105 bibliotek\u0119 odwiedzili uczniowie klasy VIII Szko\u0142a Podstawowa nr 9 im. Henryka Sienkiewicza w Siedlcach.<img class=\"cff-linebreak\" \/>Podczas wizyty m\u0142odzie\u017c wzi\u0119\u0142a udzia\u0142 w zaj\u0119ciach edukacyjnych \u201ePoznajemy Bibliotek\u0119 Pedagogiczn\u0105 w Siedlcach\u201d. \ud83d\udcd6 Uczniowie mieli okazj\u0119 zwiedzi\u0107 informatorium, wypo\u017cyczalni\u0119 oraz czytelni\u0119, a tak\u017ce pozna\u0107 zasady korzystania ze zbior\u00f3w i funkcjonowania biblioteki.<img class=\"cff-linebreak\" \/>\ud83d\udcbb W drugiej cz\u0119\u015bci zaj\u0119\u0107 pracowali z elektronicznym katalogiem, wyszukuj\u0105c ksi\u0105\u017cki, czasopisma i gry dydaktyczne. Dzi\u0119ki temu zdobyli praktyczne umiej\u0119tno\u015bci, kt\u00f3re pomog\u0105 im sprawnie odnajdywa\u0107 potrzebne materia\u0142y.<img class=\"cff-linebreak\" \/>To by\u0142o warto\u015bciowe spotkanie, kt\u00f3re, mamy nadziej\u0119, zach\u0119ci m\u0142odzie\u017c do cz\u0119stszego si\u0119gania po ksi\u0105\u017cki i korzystania z zasob\u00f3w biblioteki! \ud83d\ude0a<img class=\"cff-linebreak\" \/><img class=\"cff-linebreak\" \/>#Zaj\u0119ciaWBibliotece #\u015awiatowyDzie\u0144Ksi\u0105\u017cki #PoznajemyBibliotek\u0119Pedagogiczn\u0105 #M\u0142odzie\u017cCzyta \t\t\t\t\t<\/a>\n\t\t\t<\/span>\n\t<span class=\"cff-expand\">&#8230; <a href=\"#\" style=\"color: #\"><span class=\"cff-more\">Zobacz wi\u0119cej<\/span><span class=\"cff-less\">Zobacz mniej<\/span><\/a><\/span>\n\n<\/div>\n\n<\/div>\n\n\n\n<div id=\"cff_207994635881349_1416558630500498\" class=\"cff-item cff-status-post cff-album author-biblioteka-pedagogiczna-im-heleny-radli-skiej-w-siedlcach\"  style=\"border-bottom: 1px solid #;\">\n\t<div class=\"cff-author\">\n\t<div class=\"cff-author-text\">\n\t\t\t\t\t<div class=\"cff-page-name cff-author-date\" >\n\t\t\t\t<a href=\"https:\/\/facebook.com\/207994635881349\" target=\"_blank\" rel=\"nofollow noopener\">Biblioteka Pedagogiczna im. Heleny Radli\u0144skiej w Siedlcach<\/a>\n\t\t\t\t<span class=\"cff-story\">  doda\u0142(a) nowe zdj\u0119cia (7).<\/span>\n\t\t\t<\/div>\n\t\t\t\n<p class=\"cff-date\" > 6 dni temu <\/p>\n\t\t\t<\/div>\n\t<div class=\"cff-author-img \" data-avatar=\"https:\/\/scontent.fwaw3-2.fna.fbcdn.net\/v\/t39.30808-1\/384307013_704980664991635_6853761078683845783_n.jpg?stp=c98.0.1852.1853a_cp0_dst-jpg_s50x50_tt6&#038;_nc_cat=110&#038;ccb=1-7&#038;_nc_sid=f907e8&#038;_nc_ohc=2gh3aqyWytYQ7kNvwHFWGSf&#038;_nc_oc=AdrsJK0Eq9-K4gzaNFTzXUBcAgpkDTeDV_MfodktqQ-YeIRUmno2ZaZ5LOM5eg7G_U8&#038;_nc_zt=24&#038;_nc_ht=scontent.fwaw3-2.fna&#038;edm=AKIiGfEEAAAA&#038;_nc_gid=Yy_MMGZui2vhI8o985bMJQ&#038;_nc_tpa=Q5bMBQEmRICpk4UfoyEfoTKAoJycmrfbcbz3SBaZCC0un6_EVm-0nbt3XiFPg6HtB7_3_CXL8s4lrRwvvQ&#038;oh=00_Af1sME_rT8ZSGfsc9xPKI-gXKCshScwoQepaaKb6c9LM9g&#038;oe=69F0FA01\">\n\t\t<a href=\"https:\/\/facebook.com\/207994635881349\" target=\"_blank\" rel=\"nofollow noopener\"><img decoding=\"async\" src=\"https:\/\/scontent.fwaw3-2.fna.fbcdn.net\/v\/t39.30808-1\/384307013_704980664991635_6853761078683845783_n.jpg?stp=c98.0.1852.1853a_cp0_dst-jpg_s50x50_tt6&#038;_nc_cat=110&#038;ccb=1-7&#038;_nc_sid=f907e8&#038;_nc_ohc=2gh3aqyWytYQ7kNvwHFWGSf&#038;_nc_oc=AdrsJK0Eq9-K4gzaNFTzXUBcAgpkDTeDV_MfodktqQ-YeIRUmno2ZaZ5LOM5eg7G_U8&#038;_nc_zt=24&#038;_nc_ht=scontent.fwaw3-2.fna&#038;edm=AKIiGfEEAAAA&#038;_nc_gid=Yy_MMGZui2vhI8o985bMJQ&#038;_nc_tpa=Q5bMBQEmRICpk4UfoyEfoTKAoJycmrfbcbz3SBaZCC0un6_EVm-0nbt3XiFPg6HtB7_3_CXL8s4lrRwvvQ&#038;oh=00_Af1sME_rT8ZSGfsc9xPKI-gXKCshScwoQepaaKb6c9LM9g&#038;oe=69F0FA01\" title=\"Biblioteka Pedagogiczna im. Heleny Radli\u0144skiej w Siedlcach\" alt=\"Biblioteka Pedagogiczna im. Heleny Radli\u0144skiej w Siedlcach\" width=40 height=40 onerror=\"this.style.display='none'\"><\/a>\n\t<\/div>\n<\/div>\n\n<div class=\"cff-post-text\" >\n\t<span class=\"cff-text\" data-color=\"\">\n\t\t\t\t\t<a class=\"cff-post-text-link\" href=\"https:\/\/www.facebook.com\/777915777698123\/posts\/1416558630500498\" target=\"_blank\" rel=\"nofollow noopener\">\n\t\t\t23 kwietnia, w \u015awiatowym Dniu Ksi\u0105\u017cki i Praw Autorskich \u2013 \u015bwi\u0119cie promuj\u0105cym czytelnictwo oraz ochron\u0119 dorobku tw\u00f3rc\u00f3w \u2013 nasz\u0105 bibliotek\u0119 odwiedzi\u0142a grupa pi\u0119ciolatk\u00f3w z Miejskiego Przedszkola nr 17 w Siedlcach.<img class=\"cff-linebreak\" \/>Celem wizyty by\u0142o rozbudzanie zainteresowa\u0144 literatur\u0105 od najm\u0142odszych lat oraz propagowanie czytelnictwa \ud83d\udcda Dla dzieci by\u0142a to pierwsza wizyta w bibliotece!<img class=\"cff-linebreak\" \/>Przedszkolaki dowiedzia\u0142y si\u0119, gdzie przechowywane s\u0105 ksi\u0105\u017cki i czasopisma \ud83d\udcd6\ud83d\uddc2\ufe0f oraz w jaki spos\u00f3b mo\u017cna z nich korzysta\u0107.<img class=\"cff-linebreak\" \/>Podczas zaj\u0119\u0107 dzieci obejrza\u0142y wyj\u0105tkowe i nietypowe publikacje z naszego ksi\u0119gozbioru \u2013 od najmniejszej i najwi\u0119kszej, po pachn\u0105ce truskawk\u0105 \ud83c\udf53 czy te w formie przestrzennej \ud83d\udcda<img class=\"cff-linebreak\" \/>Du\u017cym zainteresowaniem cieszy\u0142y si\u0119 r\u00f3wnie\u017c ksi\u0105\u017cki wykonane przez starszych uczni\u00f3w, nades\u0142ane na konkurs \u201eWydajemy w\u0142asn\u0105 ksi\u0105\u017ck\u0119\u201d \ud83d\udcd6<img class=\"cff-linebreak\" \/>Spotkanie zako\u0144czy\u0142o si\u0119 kr\u00f3tk\u0105 rozmow\u0105 podsumowuj\u0105c\u0105 temat zaj\u0119\u0107 oraz zach\u0119t\u0105 do dalszego odkrywania \u015bwiata ksi\u0105\u017cek \ud83c\udf0d\ud83d\udcda i cz\u0119stych wizyt w bibliotece \ud83d\ude0a<img class=\"cff-linebreak\" \/><img class=\"cff-linebreak\" \/>#Zaj\u0119ciaWBibliotece #\u015awiatowyDzie\u0144Ksi\u0105\u017cki #DzieciCzytaj\u0105 #Ksi\u0105\u017cka #SpotkanieZKsi\u0105\u017ck\u0105 #CzytanieJestSuper \t\t\t\t\t<\/a>\n\t\t\t<\/span>\n\t<span class=\"cff-expand\">&#8230; <a href=\"#\" style=\"color: #\"><span class=\"cff-more\">Zobacz wi\u0119cej<\/span><span class=\"cff-less\">Zobacz mniej<\/span><\/a><\/span>\n\n<\/div>\n\n<\/div>\n\n\n\n<div id=\"cff_207994635881349_1416470523842642\" class=\"cff-item cff-photo-post author-biblioteka-pedagogiczna-im-heleny-radli-skiej-w-siedlcach\"  style=\"border-bottom: 1px solid #;\">\n\t<div class=\"cff-author\">\n\t<div class=\"cff-author-text\">\n\t\t\t\t\t<div class=\"cff-page-name cff-author-date\" >\n\t\t\t\t<a href=\"https:\/\/facebook.com\/207994635881349\" target=\"_blank\" rel=\"nofollow noopener\">Biblioteka Pedagogiczna im. Heleny Radli\u0144skiej w Siedlcach<\/a>\n\t\t\t\t<span class=\"cff-story\"> <\/span>\n\t\t\t<\/div>\n\t\t\t\n<p class=\"cff-date\" > 6 dni temu <\/p>\n\t\t\t<\/div>\n\t<div class=\"cff-author-img \" data-avatar=\"https:\/\/scontent.fwaw3-2.fna.fbcdn.net\/v\/t39.30808-1\/384307013_704980664991635_6853761078683845783_n.jpg?stp=c98.0.1852.1853a_cp0_dst-jpg_s50x50_tt6&#038;_nc_cat=110&#038;ccb=1-7&#038;_nc_sid=f907e8&#038;_nc_ohc=2gh3aqyWytYQ7kNvwHFWGSf&#038;_nc_oc=AdrsJK0Eq9-K4gzaNFTzXUBcAgpkDTeDV_MfodktqQ-YeIRUmno2ZaZ5LOM5eg7G_U8&#038;_nc_zt=24&#038;_nc_ht=scontent.fwaw3-2.fna&#038;edm=AKIiGfEEAAAA&#038;_nc_gid=Yy_MMGZui2vhI8o985bMJQ&#038;_nc_tpa=Q5bMBQEmRICpk4UfoyEfoTKAoJycmrfbcbz3SBaZCC0un6_EVm-0nbt3XiFPg6HtB7_3_CXL8s4lrRwvvQ&#038;oh=00_Af1sME_rT8ZSGfsc9xPKI-gXKCshScwoQepaaKb6c9LM9g&#038;oe=69F0FA01\">\n\t\t<a href=\"https:\/\/facebook.com\/207994635881349\" target=\"_blank\" rel=\"nofollow noopener\"><img decoding=\"async\" src=\"https:\/\/scontent.fwaw3-2.fna.fbcdn.net\/v\/t39.30808-1\/384307013_704980664991635_6853761078683845783_n.jpg?stp=c98.0.1852.1853a_cp0_dst-jpg_s50x50_tt6&#038;_nc_cat=110&#038;ccb=1-7&#038;_nc_sid=f907e8&#038;_nc_ohc=2gh3aqyWytYQ7kNvwHFWGSf&#038;_nc_oc=AdrsJK0Eq9-K4gzaNFTzXUBcAgpkDTeDV_MfodktqQ-YeIRUmno2ZaZ5LOM5eg7G_U8&#038;_nc_zt=24&#038;_nc_ht=scontent.fwaw3-2.fna&#038;edm=AKIiGfEEAAAA&#038;_nc_gid=Yy_MMGZui2vhI8o985bMJQ&#038;_nc_tpa=Q5bMBQEmRICpk4UfoyEfoTKAoJycmrfbcbz3SBaZCC0un6_EVm-0nbt3XiFPg6HtB7_3_CXL8s4lrRwvvQ&#038;oh=00_Af1sME_rT8ZSGfsc9xPKI-gXKCshScwoQepaaKb6c9LM9g&#038;oe=69F0FA01\" title=\"Biblioteka Pedagogiczna im. Heleny Radli\u0144skiej w Siedlcach\" alt=\"Biblioteka Pedagogiczna im. Heleny Radli\u0144skiej w Siedlcach\" width=40 height=40 onerror=\"this.style.display='none'\"><\/a>\n\t<\/div>\n<\/div>\n\n<div class=\"cff-post-text\" >\n\t<span class=\"cff-text\" data-color=\"\">\n\t\t\t\t\t<a class=\"cff-post-text-link\" href=\"https:\/\/www.facebook.com\/photo.php?fbid=1416469403842754&#038;set=a.464260089063695&#038;type=3\" target=\"_blank\" rel=\"nofollow noopener\">\n\t\t\t2\ufe0f\u20e33\ufe0f\u20e3 kwietnia &#8211; \u015awiatowy Dzie\u0144 Ksi\u0105\u017cki i Praw Autorskich UNESCO \ud83d\udcda<img class=\"cff-linebreak\" \/><img class=\"cff-linebreak\" \/>Ustanowiony przez UNESCO w 1995 roku og\u00f3lno\u015bwiatowe \u015bwi\u0119to skupiaj\u0105ce si\u0119 na promocji ksi\u0105\u017cek i czytania \ud83d\udcd6\ud83c\udf0d. W ten dzie\u0144 w ca\u0142ej Polsce odbywa\u0107 si\u0119 b\u0119d\u0105 debaty, warsztaty, spotkania autorskie i akcje spo\u0142eczne celebruj\u0105ce literatur\u0119 i zach\u0119caj\u0105ce do aktywnego z ni\u0105 kontaktu.<img class=\"cff-linebreak\" \/>Dobrze jest w tym dniu przypomnie\u0107, \u017ce Prawo autorskie to prawo tw\u00f3rcy do wy\u0142\u0105cznego dysponowania swoj\u0105 tw\u00f3rczo\u015bci\u0105 \u270d\ufe0f. Tw\u00f3rca mo\u017ce swoje dzie\u0142o podarowa\u0107 \ud83c\udf81, mo\u017ce je za darmo rozpowszechnia\u0107 \ud83c\udf10, ale mo\u017ce je tak\u017ce udost\u0119pnia\u0107 w spos\u00f3b komercyjny \ud83d\udcb0 i czerpa\u0107 zyski ze sprzeda\u017cy. Prawo chroni wszelk\u0105 w\u0142asno\u015b\u0107 intelektualn\u0105 i materialn\u0105 ka\u017cdego z nas\ud83d\udcdc.<img class=\"cff-linebreak\" \/>Autor projektu: Piotr Depta-Kle\u015bta licencja CC BY-SA 3.0 Polska Izba Ksi\u0105\u017cki<img class=\"cff-linebreak\" \/><img class=\"cff-linebreak\" \/>#\u015awiatowyDzie\u0144Ksi\u0105\u017ckiIPrawAutorskich #UNESCO #Czytanie #Ksi\u0105\u017cki #PrawoAutorskie #\u015awiatowyDzie\u0144Ksi\u0105\u017cki #23kwietnia \t\t\t\t\t<\/a>\n\t\t\t<\/span>\n\t<span class=\"cff-expand\">&#8230; <a href=\"#\" style=\"color: #\"><span class=\"cff-more\">Zobacz wi\u0119cej<\/span><span class=\"cff-less\">Zobacz mniej<\/span><\/a><\/span>\n\n<\/div>\n\n<\/div>\n\n\n\n<div id=\"cff_207994635881349_1416433217179706\" class=\"cff-item cff-photo-post author-biblioteka-pedagogiczna-im-heleny-radli-skiej-w-siedlcach\"  style=\"border-bottom: 1px solid #;\">\n\t<div class=\"cff-author\">\n\t<div class=\"cff-author-text\">\n\t\t\t\t\t<div class=\"cff-page-name cff-author-date\" >\n\t\t\t\t<a href=\"https:\/\/facebook.com\/207994635881349\" target=\"_blank\" rel=\"nofollow noopener\">Biblioteka Pedagogiczna im. Heleny Radli\u0144skiej w Siedlcach<\/a>\n\t\t\t\t<span class=\"cff-story\"> <\/span>\n\t\t\t<\/div>\n\t\t\t\n<p class=\"cff-date\" > 6 dni temu <\/p>\n\t\t\t<\/div>\n\t<div class=\"cff-author-img \" data-avatar=\"https:\/\/scontent.fwaw3-2.fna.fbcdn.net\/v\/t39.30808-1\/384307013_704980664991635_6853761078683845783_n.jpg?stp=c98.0.1852.1853a_cp0_dst-jpg_s50x50_tt6&#038;_nc_cat=110&#038;ccb=1-7&#038;_nc_sid=f907e8&#038;_nc_ohc=2gh3aqyWytYQ7kNvwHFWGSf&#038;_nc_oc=AdrsJK0Eq9-K4gzaNFTzXUBcAgpkDTeDV_MfodktqQ-YeIRUmno2ZaZ5LOM5eg7G_U8&#038;_nc_zt=24&#038;_nc_ht=scontent.fwaw3-2.fna&#038;edm=AKIiGfEEAAAA&#038;_nc_gid=Yy_MMGZui2vhI8o985bMJQ&#038;_nc_tpa=Q5bMBQEmRICpk4UfoyEfoTKAoJycmrfbcbz3SBaZCC0un6_EVm-0nbt3XiFPg6HtB7_3_CXL8s4lrRwvvQ&#038;oh=00_Af1sME_rT8ZSGfsc9xPKI-gXKCshScwoQepaaKb6c9LM9g&#038;oe=69F0FA01\">\n\t\t<a href=\"https:\/\/facebook.com\/207994635881349\" target=\"_blank\" rel=\"nofollow noopener\"><img decoding=\"async\" src=\"https:\/\/scontent.fwaw3-2.fna.fbcdn.net\/v\/t39.30808-1\/384307013_704980664991635_6853761078683845783_n.jpg?stp=c98.0.1852.1853a_cp0_dst-jpg_s50x50_tt6&#038;_nc_cat=110&#038;ccb=1-7&#038;_nc_sid=f907e8&#038;_nc_ohc=2gh3aqyWytYQ7kNvwHFWGSf&#038;_nc_oc=AdrsJK0Eq9-K4gzaNFTzXUBcAgpkDTeDV_MfodktqQ-YeIRUmno2ZaZ5LOM5eg7G_U8&#038;_nc_zt=24&#038;_nc_ht=scontent.fwaw3-2.fna&#038;edm=AKIiGfEEAAAA&#038;_nc_gid=Yy_MMGZui2vhI8o985bMJQ&#038;_nc_tpa=Q5bMBQEmRICpk4UfoyEfoTKAoJycmrfbcbz3SBaZCC0un6_EVm-0nbt3XiFPg6HtB7_3_CXL8s4lrRwvvQ&#038;oh=00_Af1sME_rT8ZSGfsc9xPKI-gXKCshScwoQepaaKb6c9LM9g&#038;oe=69F0FA01\" title=\"Biblioteka Pedagogiczna im. Heleny Radli\u0144skiej w Siedlcach\" alt=\"Biblioteka Pedagogiczna im. Heleny Radli\u0144skiej w Siedlcach\" width=40 height=40 onerror=\"this.style.display='none'\"><\/a>\n\t<\/div>\n<\/div>\n\n<div class=\"cff-post-text\" >\n\t<span class=\"cff-text\" data-color=\"\">\n\t\t\t\t\t<a class=\"cff-post-text-link\" href=\"https:\/\/www.facebook.com\/photo.php?fbid=1416431437179884&#038;set=a.464260089063695&#038;type=3\" target=\"_blank\" rel=\"nofollow noopener\">\n\t\t\t\ud83d\udce2 Mamy dobr\u0105 wiadomo\u015b\u0107 dla naszych czytelnik\u00f3w!<img class=\"cff-linebreak\" \/><img class=\"cff-linebreak\" \/>Wci\u0105\u017c dysponujemy darmowymi kodami do Empik Go: audiobooki, ebooki, podcasty i komiksy!<img class=\"cff-linebreak\" \/>To doskona\u0142a okazja, by zanurzy\u0107 si\u0119 w \u015bwiecie audiobook\u00f3w, e-book\u00f3w i podcast\u00f3w \ud83c\udfa7 \ud83d\udcf1\ud83c\udf99\ufe0f<img class=\"cff-linebreak\" \/>\ud83d\udce9 Je\u015bli jeste\u015bcie zainteresowani, napiszcie do nas na adres: kody@bpsiedlce.pl<img class=\"cff-linebreak\" \/>\ud83c\udfe2 Kod mo\u017cna r\u00f3wnie\u017c odebra\u0107 osobi\u015bcie w czytelni Biblioteki w Siedlcach.<img class=\"cff-linebreak\" \/>Zapraszamy do skorzystania z oferty i \u017cyczymy wielu przyjemnych chwil z dobr\u0105 lektur\u0105! \ud83d\ude0a \t\t\t\t\t<\/a>\n\t\t\t<\/span>\n\t<span class=\"cff-expand\">&#8230; <a href=\"#\" style=\"color: #\"><span class=\"cff-more\">Zobacz wi\u0119cej<\/span><span class=\"cff-less\">Zobacz mniej<\/span><\/a><\/span>\n\n<\/div>\n\n<\/div>\n\n\n\n<div id=\"cff_207994635881349_1415613763928318\" class=\"cff-item cff-status-post cff-album author-biblioteka-pedagogiczna-im-heleny-radli-skiej-w-siedlcach\"  style=\"border-bottom: 1px solid #;\">\n\t<div class=\"cff-author\">\n\t<div class=\"cff-author-text\">\n\t\t\t\t\t<div class=\"cff-page-name cff-author-date\" >\n\t\t\t\t<a href=\"https:\/\/facebook.com\/207994635881349\" target=\"_blank\" rel=\"nofollow noopener\">Biblioteka Pedagogiczna im. Heleny Radli\u0144skiej w Siedlcach<\/a>\n\t\t\t\t<span class=\"cff-story\">  doda\u0142(a) nowe zdj\u0119cia (13).<\/span>\n\t\t\t<\/div>\n\t\t\t\n<p class=\"cff-date\" > 1 tydzie\u0144 temu <\/p>\n\t\t\t<\/div>\n\t<div class=\"cff-author-img \" data-avatar=\"https:\/\/scontent.fwaw3-2.fna.fbcdn.net\/v\/t39.30808-1\/384307013_704980664991635_6853761078683845783_n.jpg?stp=c98.0.1852.1853a_cp0_dst-jpg_s50x50_tt6&#038;_nc_cat=110&#038;ccb=1-7&#038;_nc_sid=f907e8&#038;_nc_ohc=2gh3aqyWytYQ7kNvwHFWGSf&#038;_nc_oc=AdrsJK0Eq9-K4gzaNFTzXUBcAgpkDTeDV_MfodktqQ-YeIRUmno2ZaZ5LOM5eg7G_U8&#038;_nc_zt=24&#038;_nc_ht=scontent.fwaw3-2.fna&#038;edm=AKIiGfEEAAAA&#038;_nc_gid=Yy_MMGZui2vhI8o985bMJQ&#038;_nc_tpa=Q5bMBQEmRICpk4UfoyEfoTKAoJycmrfbcbz3SBaZCC0un6_EVm-0nbt3XiFPg6HtB7_3_CXL8s4lrRwvvQ&#038;oh=00_Af1sME_rT8ZSGfsc9xPKI-gXKCshScwoQepaaKb6c9LM9g&#038;oe=69F0FA01\">\n\t\t<a href=\"https:\/\/facebook.com\/207994635881349\" target=\"_blank\" rel=\"nofollow noopener\"><img decoding=\"async\" src=\"https:\/\/scontent.fwaw3-2.fna.fbcdn.net\/v\/t39.30808-1\/384307013_704980664991635_6853761078683845783_n.jpg?stp=c98.0.1852.1853a_cp0_dst-jpg_s50x50_tt6&#038;_nc_cat=110&#038;ccb=1-7&#038;_nc_sid=f907e8&#038;_nc_ohc=2gh3aqyWytYQ7kNvwHFWGSf&#038;_nc_oc=AdrsJK0Eq9-K4gzaNFTzXUBcAgpkDTeDV_MfodktqQ-YeIRUmno2ZaZ5LOM5eg7G_U8&#038;_nc_zt=24&#038;_nc_ht=scontent.fwaw3-2.fna&#038;edm=AKIiGfEEAAAA&#038;_nc_gid=Yy_MMGZui2vhI8o985bMJQ&#038;_nc_tpa=Q5bMBQEmRICpk4UfoyEfoTKAoJycmrfbcbz3SBaZCC0un6_EVm-0nbt3XiFPg6HtB7_3_CXL8s4lrRwvvQ&#038;oh=00_Af1sME_rT8ZSGfsc9xPKI-gXKCshScwoQepaaKb6c9LM9g&#038;oe=69F0FA01\" title=\"Biblioteka Pedagogiczna im. Heleny Radli\u0144skiej w Siedlcach\" alt=\"Biblioteka Pedagogiczna im. Heleny Radli\u0144skiej w Siedlcach\" width=40 height=40 onerror=\"this.style.display='none'\"><\/a>\n\t<\/div>\n<\/div>\n\n<div class=\"cff-post-text\" >\n\t<span class=\"cff-text\" data-color=\"\">\n\t\t\t\t\t<a class=\"cff-post-text-link\" href=\"https:\/\/www.facebook.com\/777915777698123\/posts\/1415613763928318\" target=\"_blank\" rel=\"nofollow noopener\">\n\t\t\t21 kwietnia odwiedzi\u0142y nas dzieci z Przedszkole Niepubliczne Pinokio w Siedlcach. Podczas spotkania wys\u0142ucha\u0142y opowiadania \u201eSzukaj\u0105c Marudka\u201d autorstwa Kumiko Yamamoto \ud83d\udcd6, zaprezentowanego w formie teatrzyku kamishibai.<img class=\"cff-linebreak\" \/>Historia psa Marudka \ud83d\udc36 i ma\u0142ego Leosia \ud83d\udc66, kt\u00f3ry mimo zagro\u017ce\u0144 wyrusza samotnie na jego poszukiwanie, sta\u0142a si\u0119 doskona\u0142ym wst\u0119pem do rozmowy o emocjach \ud83d\udcac, odpowiedzialno\u015bci \ud83e\udd1d i bezpiecze\u0144stwie \ud83d\udeb8.<img class=\"cff-linebreak\" \/>Po cz\u0119\u015bci literackiej przedszkolaki rozwija\u0142y swoje umiej\u0119tno\u015bci podczas kolorowania wed\u0142ug kodu \u2013 kodowanie po cyferkach \ud83d\udd22. Do zabawy tw\u00f3rczej do\u0142\u0105czy\u0142y r\u00f3wnie\u017c Panie, rysuj\u0105c pieska w oparciu o rysowane wierszyki \u270f\ufe0f\ud83d\udc15.<img class=\"cff-linebreak\" \/>Na zako\u0144czenie nie zabrak\u0142o ruchu i rado\u015bci \u2013 dzieci \u015bwietnie bawi\u0142y si\u0119 podczas zabaw sprawno\u015bciowych na pod\u0142odze interaktywnej \ud83d\udd79\ufe0f<img class=\"cff-linebreak\" \/>Dzi\u0119kujemy za wsp\u00f3lnie sp\u0119dzony czas i zapraszamy do ponownych odwiedzin oraz korzystania z naszych zbior\u00f3w! \ud83d\udcda<img class=\"cff-linebreak\" \/><img class=\"cff-linebreak\" \/>#Zaj\u0119ciaWBibliotece #kamishibai #TeatrzykKamishibai #Szukaj\u0105cMarudka \t\t\t\t\t<\/a>\n\t\t\t<\/span>\n\t<span class=\"cff-expand\">&#8230; <a href=\"#\" style=\"color: #\"><span class=\"cff-more\">Zobacz wi\u0119cej<\/span><span class=\"cff-less\">Zobacz mniej<\/span><\/a><\/span>\n\n<\/div>\n\n<\/div>\n\n\n\n<div id=\"cff_207994635881349_1415520343937660\" class=\"cff-item cff-status-post cff-album author-biblioteka-pedagogiczna-im-heleny-radli-skiej-w-siedlcach\"  style=\"border-bottom: 1px solid #;\">\n\t<div class=\"cff-author\">\n\t<div class=\"cff-author-text\">\n\t\t\t\t\t<div class=\"cff-page-name cff-author-date\" >\n\t\t\t\t<a href=\"https:\/\/facebook.com\/207994635881349\" target=\"_blank\" rel=\"nofollow noopener\">Biblioteka Pedagogiczna im. Heleny Radli\u0144skiej w Siedlcach<\/a>\n\t\t\t\t<span class=\"cff-story\"> <\/span>\n\t\t\t<\/div>\n\t\t\t\n<p class=\"cff-date\" > 1 tydzie\u0144 temu <\/p>\n\t\t\t<\/div>\n\t<div class=\"cff-author-img \" data-avatar=\"https:\/\/scontent.fwaw3-2.fna.fbcdn.net\/v\/t39.30808-1\/384307013_704980664991635_6853761078683845783_n.jpg?stp=c98.0.1852.1853a_cp0_dst-jpg_s50x50_tt6&#038;_nc_cat=110&#038;ccb=1-7&#038;_nc_sid=f907e8&#038;_nc_ohc=2gh3aqyWytYQ7kNvwHFWGSf&#038;_nc_oc=AdrsJK0Eq9-K4gzaNFTzXUBcAgpkDTeDV_MfodktqQ-YeIRUmno2ZaZ5LOM5eg7G_U8&#038;_nc_zt=24&#038;_nc_ht=scontent.fwaw3-2.fna&#038;edm=AKIiGfEEAAAA&#038;_nc_gid=Yy_MMGZui2vhI8o985bMJQ&#038;_nc_tpa=Q5bMBQEmRICpk4UfoyEfoTKAoJycmrfbcbz3SBaZCC0un6_EVm-0nbt3XiFPg6HtB7_3_CXL8s4lrRwvvQ&#038;oh=00_Af1sME_rT8ZSGfsc9xPKI-gXKCshScwoQepaaKb6c9LM9g&#038;oe=69F0FA01\">\n\t\t<a href=\"https:\/\/facebook.com\/207994635881349\" target=\"_blank\" rel=\"nofollow noopener\"><img decoding=\"async\" src=\"https:\/\/scontent.fwaw3-2.fna.fbcdn.net\/v\/t39.30808-1\/384307013_704980664991635_6853761078683845783_n.jpg?stp=c98.0.1852.1853a_cp0_dst-jpg_s50x50_tt6&#038;_nc_cat=110&#038;ccb=1-7&#038;_nc_sid=f907e8&#038;_nc_ohc=2gh3aqyWytYQ7kNvwHFWGSf&#038;_nc_oc=AdrsJK0Eq9-K4gzaNFTzXUBcAgpkDTeDV_MfodktqQ-YeIRUmno2ZaZ5LOM5eg7G_U8&#038;_nc_zt=24&#038;_nc_ht=scontent.fwaw3-2.fna&#038;edm=AKIiGfEEAAAA&#038;_nc_gid=Yy_MMGZui2vhI8o985bMJQ&#038;_nc_tpa=Q5bMBQEmRICpk4UfoyEfoTKAoJycmrfbcbz3SBaZCC0un6_EVm-0nbt3XiFPg6HtB7_3_CXL8s4lrRwvvQ&#038;oh=00_Af1sME_rT8ZSGfsc9xPKI-gXKCshScwoQepaaKb6c9LM9g&#038;oe=69F0FA01\" title=\"Biblioteka Pedagogiczna im. Heleny Radli\u0144skiej w Siedlcach\" alt=\"Biblioteka Pedagogiczna im. Heleny Radli\u0144skiej w Siedlcach\" width=40 height=40 onerror=\"this.style.display='none'\"><\/a>\n\t<\/div>\n<\/div>\n\n<div class=\"cff-post-text\" >\n\t<span class=\"cff-text\" data-color=\"\">\n\t\t\t\t\t<a class=\"cff-post-text-link\" href=\"https:\/\/www.facebook.com\/777915777698123\/posts\/1415520343937660\" target=\"_blank\" rel=\"nofollow noopener\">\n\t\t\t2\ufe0f\u20e32\ufe0f\u20e3 kwietnia obchodzimy \u015awiatowy Dzie\u0144 Ziemi \ud83c\udf31<img class=\"cff-linebreak\" \/><img class=\"cff-linebreak\" \/>To mi\u0119dzynarodowe \u015bwi\u0119to po\u015bwi\u0119cone ochronie \u015brodowiska i promowaniu postaw ekologicznych. Zosta\u0142o zapocz\u0105tkowane w 1970 roku w Stanach Zjednoczonych przez Gaylorda Nelsona \u2013 a ju\u017c pierwsze obchody zgromadzi\u0142y miliony ludzi i da\u0142y pocz\u0105tek globalnemu ruchowi na rzecz naszej planety \ud83c\udf0e<img class=\"cff-linebreak\" \/>Dzie\u0144 Ziemi zwraca uwag\u0119 na najwa\u017cniejsze wyzwania, takie jak zmiany klimatu, zanieczyszczenie powietrza i w\u00f3d, wylesianie czy utrata bior\u00f3\u017cnorodno\u015bci. Przypomina te\u017c, \u017ce nasze codzienne wybory maj\u0105 realny wp\u0142yw na przysz\u0142o\u015b\u0107 Ziemi \ud83c\udf3f<img class=\"cff-linebreak\" \/>Na ca\u0142ym \u015bwiecie organizowane s\u0105 dzi\u015b akcje ekologiczne \u2013 sprz\u0105tanie teren\u00f3w zielonych, sadzenie drzew, warsztaty i kampanie spo\u0142eczne \ud83c\udf33\u267b\ufe0f<img class=\"cff-linebreak\" \/>Pami\u0119tajmy \u2013 ka\u017cdy z nas mo\u017ce zrobi\u0107 co\u015b dobrego dla planety. Nawet ma\u0142e kroki maj\u0105 znaczenie \ud83d\udc9a<img class=\"cff-linebreak\" \/>A Ty \u2013 co dzi\u015b zrobisz dla Ziemi\u2753<img class=\"cff-linebreak\" \/><img class=\"cff-linebreak\" \/>#Dzie\u0144Ziemi #EarthDay #DbajmyOPlanet\u0119 #Ekologia #Ochrona\u015arodowiska #\u015awiadomo\u015b\u0107Ekologiczna \t\t\t\t\t<\/a>\n\t\t\t<\/span>\n\t<span class=\"cff-expand\">&#8230; <a href=\"#\" style=\"color: #\"><span class=\"cff-more\">Zobacz wi\u0119cej<\/span><span class=\"cff-less\">Zobacz mniej<\/span><\/a><\/span>\n\n<\/div>\n\n<\/div>\n\n\n\n<div id=\"cff_207994635881349_1415473603942334\" class=\"cff-item cff-photo-post author-biblioteka-pedagogiczna-im-heleny-radli-skiej-w-siedlcach\"  style=\"border-bottom: 1px solid #;\">\n\t<div class=\"cff-author\">\n\t<div class=\"cff-author-text\">\n\t\t\t\t\t<div class=\"cff-page-name cff-author-date\" >\n\t\t\t\t<a href=\"https:\/\/facebook.com\/207994635881349\" target=\"_blank\" rel=\"nofollow noopener\">Biblioteka Pedagogiczna im. Heleny Radli\u0144skiej w Siedlcach<\/a>\n\t\t\t\t<span class=\"cff-story\"> <\/span>\n\t\t\t<\/div>\n\t\t\t\n<p class=\"cff-date\" > 1 tydzie\u0144 temu <\/p>\n\t\t\t<\/div>\n\t<div class=\"cff-author-img \" data-avatar=\"https:\/\/scontent.fwaw3-2.fna.fbcdn.net\/v\/t39.30808-1\/384307013_704980664991635_6853761078683845783_n.jpg?stp=c98.0.1852.1853a_cp0_dst-jpg_s50x50_tt6&#038;_nc_cat=110&#038;ccb=1-7&#038;_nc_sid=f907e8&#038;_nc_ohc=2gh3aqyWytYQ7kNvwHFWGSf&#038;_nc_oc=AdrsJK0Eq9-K4gzaNFTzXUBcAgpkDTeDV_MfodktqQ-YeIRUmno2ZaZ5LOM5eg7G_U8&#038;_nc_zt=24&#038;_nc_ht=scontent.fwaw3-2.fna&#038;edm=AKIiGfEEAAAA&#038;_nc_gid=Yy_MMGZui2vhI8o985bMJQ&#038;_nc_tpa=Q5bMBQEmRICpk4UfoyEfoTKAoJycmrfbcbz3SBaZCC0un6_EVm-0nbt3XiFPg6HtB7_3_CXL8s4lrRwvvQ&#038;oh=00_Af1sME_rT8ZSGfsc9xPKI-gXKCshScwoQepaaKb6c9LM9g&#038;oe=69F0FA01\">\n\t\t<a href=\"https:\/\/facebook.com\/207994635881349\" target=\"_blank\" rel=\"nofollow noopener\"><img decoding=\"async\" src=\"https:\/\/scontent.fwaw3-2.fna.fbcdn.net\/v\/t39.30808-1\/384307013_704980664991635_6853761078683845783_n.jpg?stp=c98.0.1852.1853a_cp0_dst-jpg_s50x50_tt6&#038;_nc_cat=110&#038;ccb=1-7&#038;_nc_sid=f907e8&#038;_nc_ohc=2gh3aqyWytYQ7kNvwHFWGSf&#038;_nc_oc=AdrsJK0Eq9-K4gzaNFTzXUBcAgpkDTeDV_MfodktqQ-YeIRUmno2ZaZ5LOM5eg7G_U8&#038;_nc_zt=24&#038;_nc_ht=scontent.fwaw3-2.fna&#038;edm=AKIiGfEEAAAA&#038;_nc_gid=Yy_MMGZui2vhI8o985bMJQ&#038;_nc_tpa=Q5bMBQEmRICpk4UfoyEfoTKAoJycmrfbcbz3SBaZCC0un6_EVm-0nbt3XiFPg6HtB7_3_CXL8s4lrRwvvQ&#038;oh=00_Af1sME_rT8ZSGfsc9xPKI-gXKCshScwoQepaaKb6c9LM9g&#038;oe=69F0FA01\" title=\"Biblioteka Pedagogiczna im. Heleny Radli\u0144skiej w Siedlcach\" alt=\"Biblioteka Pedagogiczna im. Heleny Radli\u0144skiej w Siedlcach\" width=40 height=40 onerror=\"this.style.display='none'\"><\/a>\n\t<\/div>\n<\/div>\n\n<div class=\"cff-post-text\" >\n\t<span class=\"cff-text\" data-color=\"\">\n\t\t\t\t\t<a class=\"cff-post-text-link\" href=\"https:\/\/www.facebook.com\/photo.php?fbid=1415473590609002&#038;set=a.464260089063695&#038;type=3\" target=\"_blank\" rel=\"nofollow noopener\">\n\t\t\tCYKL \u2013 MINIPRAS\u00d3WKA (55) \ud83d\udcf0<img class=\"cff-linebreak\" \/><img class=\"cff-linebreak\" \/>Dzi\u015b o drugim dodatku do\u0142\u0105czanym do miesi\u0119cznika \u201ePrzyroda Polska\u201d, a mianowicie \u201eBiuletynie EKO-edukacyjnym\u201d. Zawiera on materia\u0142y dydaktyczne oraz tre\u015bci ekologiczne nie tylko dla szk\u00f3\u0142 i nauczycieli \ud83d\udc69\u200d\ud83c\udfeb.<img class=\"cff-linebreak\" \/>W kwietniowym wydaniu, w artykule \u201eOboj\u0119tno\u015b\u0107 wobec cierpienia zwierz\u0105t \u2013 cisza, kt\u00f3ra boli bardziej ni\u017c krzyk\u201d \ud83d\udc3e, Ma\u0142gorzata Wolska pisze o jednym z najwa\u017cniejszych test\u00f3w naszego cz\u0142owiecze\u0144stwa\ufe0f, formu\u0142uj\u0105c pytania: czy potrafimy stan\u0105\u0107 w obronie istoty, kt\u00f3ra sama nie mo\u017ce si\u0119 obroni\u0107; czy potrafimy zaryzykowa\u0107 w\u0142asny komfort, by przerwa\u0107 czyje\u015b cierpienie. Autorka zwraca uwag\u0119 na konieczno\u015b\u0107 redefinicji tego, czym jest \u201edonosicielstwo\u201d, i podkre\u015bla, \u017ce odwaga nie polega na tym, by krzycze\u0107 najg\u0142o\u015bniej \ud83d\udce2, ale na tym, by nie milcze\u0107 wtedy, gdy milczenie krzywdzi \ud83e\udd10\u2757.<img class=\"cff-linebreak\" \/>Tekst znajdziesz w numerze 4\/2026 wspomnianego dodatku. Odwied\u017a nasz\u0105 Czytelni\u0119 lub skorzystaj z us\u0142ugi skanowania \ud83d\udda8\ufe0f. Zach\u0119camy do lektury! \ud83d\ude0a<img class=\"cff-linebreak\" \/><img class=\"cff-linebreak\" \/>#minipras\u00f3wka2026 \t\t\t\t\t<\/a>\n\t\t\t<\/span>\n\t<span class=\"cff-expand\">&#8230; <a href=\"#\" style=\"color: #\"><span class=\"cff-more\">Zobacz wi\u0119cej<\/span><span class=\"cff-less\">Zobacz mniej<\/span><\/a><\/span>\n\n<\/div>\n\n<\/div>\n\n\n\n<div id=\"cff_207994635881349_1414863997336628\" class=\"cff-item cff-status-post cff-album author-biblioteka-pedagogiczna-im-heleny-radli-skiej-w-siedlcach\"  style=\"border-bottom: 1px solid #;\">\n\t<div class=\"cff-author\">\n\t<div class=\"cff-author-text\">\n\t\t\t\t\t<div class=\"cff-page-name cff-author-date\" >\n\t\t\t\t<a href=\"https:\/\/facebook.com\/207994635881349\" target=\"_blank\" rel=\"nofollow noopener\">Biblioteka Pedagogiczna im. Heleny Radli\u0144skiej w Siedlcach<\/a>\n\t\t\t\t<span class=\"cff-story\">  doda\u0142(a) nowe zdj\u0119cia (12).<\/span>\n\t\t\t<\/div>\n\t\t\t\n<p class=\"cff-date\" > 1 tydzie\u0144 temu <\/p>\n\t\t\t<\/div>\n\t<div class=\"cff-author-img \" data-avatar=\"https:\/\/scontent.fwaw3-2.fna.fbcdn.net\/v\/t39.30808-1\/384307013_704980664991635_6853761078683845783_n.jpg?stp=c98.0.1852.1853a_cp0_dst-jpg_s50x50_tt6&#038;_nc_cat=110&#038;ccb=1-7&#038;_nc_sid=f907e8&#038;_nc_ohc=2gh3aqyWytYQ7kNvwHFWGSf&#038;_nc_oc=AdrsJK0Eq9-K4gzaNFTzXUBcAgpkDTeDV_MfodktqQ-YeIRUmno2ZaZ5LOM5eg7G_U8&#038;_nc_zt=24&#038;_nc_ht=scontent.fwaw3-2.fna&#038;edm=AKIiGfEEAAAA&#038;_nc_gid=Yy_MMGZui2vhI8o985bMJQ&#038;_nc_tpa=Q5bMBQEmRICpk4UfoyEfoTKAoJycmrfbcbz3SBaZCC0un6_EVm-0nbt3XiFPg6HtB7_3_CXL8s4lrRwvvQ&#038;oh=00_Af1sME_rT8ZSGfsc9xPKI-gXKCshScwoQepaaKb6c9LM9g&#038;oe=69F0FA01\">\n\t\t<a href=\"https:\/\/facebook.com\/207994635881349\" target=\"_blank\" rel=\"nofollow noopener\"><img decoding=\"async\" src=\"https:\/\/scontent.fwaw3-2.fna.fbcdn.net\/v\/t39.30808-1\/384307013_704980664991635_6853761078683845783_n.jpg?stp=c98.0.1852.1853a_cp0_dst-jpg_s50x50_tt6&#038;_nc_cat=110&#038;ccb=1-7&#038;_nc_sid=f907e8&#038;_nc_ohc=2gh3aqyWytYQ7kNvwHFWGSf&#038;_nc_oc=AdrsJK0Eq9-K4gzaNFTzXUBcAgpkDTeDV_MfodktqQ-YeIRUmno2ZaZ5LOM5eg7G_U8&#038;_nc_zt=24&#038;_nc_ht=scontent.fwaw3-2.fna&#038;edm=AKIiGfEEAAAA&#038;_nc_gid=Yy_MMGZui2vhI8o985bMJQ&#038;_nc_tpa=Q5bMBQEmRICpk4UfoyEfoTKAoJycmrfbcbz3SBaZCC0un6_EVm-0nbt3XiFPg6HtB7_3_CXL8s4lrRwvvQ&#038;oh=00_Af1sME_rT8ZSGfsc9xPKI-gXKCshScwoQepaaKb6c9LM9g&#038;oe=69F0FA01\" title=\"Biblioteka Pedagogiczna im. Heleny Radli\u0144skiej w Siedlcach\" alt=\"Biblioteka Pedagogiczna im. Heleny Radli\u0144skiej w Siedlcach\" width=40 height=40 onerror=\"this.style.display='none'\"><\/a>\n\t<\/div>\n<\/div>\n\n<div class=\"cff-post-text\" >\n\t<span class=\"cff-text\" data-color=\"\">\n\t\t\t\t\t<a class=\"cff-post-text-link\" href=\"https:\/\/www.facebook.com\/777915777698123\/posts\/1414863997336628\" target=\"_blank\" rel=\"nofollow noopener\">\n\t\t\t20 kwietnia z wyk\u0142adem \u201eNikt nie rodzi si\u0119 mistrzem. Andrzej Wajda jako \u015bwiadek epoki, artysta i obywatel\u201d wyst\u0105pi\u0142a w bibliotece dr Agnieszka Morstin \ud83c\udfa4 \u2013 filmoznawczyni, antropolo\u017cka kultury, badaczka zajmuj\u0105ca si\u0119 relacjami filmu z innymi sztukami oraz edukacj\u0105 humanistyczn\u0105 w nowych mediach \ud83c\udfac<img class=\"cff-linebreak\" \/>Redaktorka \u201eNotes\u00f3w\u201d Andrzeja Wajdy przybli\u017cy\u0142a jego dzieci\u0144stwo, pierwsze prace, zainteresowania oraz do\u015bwiadczenia artystyczne \ud83d\udd8b\ufe0f\ud83c\udfa8. Podkre\u015bli\u0142a wra\u017cliwo\u015b\u0107 wizualn\u0105 re\u017cysera i niezwyk\u0142\u0105 umiej\u0119tno\u015b\u0107 rozumienia j\u0119zyka sztuki, w tym pos\u0142ugiwania si\u0119 symbolami \ud83c\udfa5. Zaznaczy\u0142a r\u00f3wnie\u017c silne poczucie przynale\u017cno\u015bci pokoleniowej tw\u00f3rcy.<img class=\"cff-linebreak\" \/>Dr Morstin om\u00f3wi\u0142a najwa\u017cniejsze etapy tw\u00f3rczo\u015bci Wajdy \u2013 od film\u00f3w inicjuj\u0105cych polsk\u0105 szko\u0142\u0119 filmow\u0105, przez ekranizacje klasyki literatury \ud83d\udcd6, a\u017c po kino moralnego niepokoju \ud83c\udf9e\ufe0f. Nadmieni\u0142a, \u017ce Wajda \u201enie \u0107wiczy\u0142 si\u0119 w pisaniu, lecz pisa\u0142 tak, jak \u017cy\u0142 \u2013 pracuj\u0105c nad sob\u0105, by m\u00f3c by\u0107 tw\u00f3rc\u0105\u201d.<img class=\"cff-linebreak\" \/>Wyk\u0142ad by\u0142 inspiruj\u0105c\u0105 lekcj\u0105 o cz\u0142owieku, kt\u00f3ry z nie\u015bmia\u0142ego, wycofanego ch\u0142opca sta\u0142 si\u0119 jednym z najwybitniejszych re\u017cyser\u00f3w w historii polskiego i \u015bwiatowego kina. Zgromadzonym z pewno\u015bci\u0105 zapadn\u0105 w pami\u0119\u0107 jego s\u0142owa: \u201eSilny jest ten, kto umie zapanowa\u0107 nad swoj\u0105 s\u0142abo\u015bci\u0105\u201d \ud83d\udcac<img class=\"cff-linebreak\" \/>W wydarzeniu uczestniczyli nauczyciele i uczniowie ZSP nr 1 Elektryk, Ekonomik Siedlce, ZSP Nr 4 w Siedlcach, I Liceum Og\u00f3lnokszta\u0142c\u0105ce im. Boles\u0142awa Prusa w Siedlcach, II Liceum Og\u00f3lnokszta\u0142c\u0105ce im. \u015bw. Kr\u00f3lowej Jadwigi w Siedlcach i IV LO im. Hetmana Stanis\u0142awa \u017b\u00f3\u0142kiewskiego w Siedlcach oraz wyk\u0142adowcy i studenci Uniwersytet w Siedlcach \ud83d\udc4f<img class=\"cff-linebreak\" \/><img class=\"cff-linebreak\" \/>#SpotkaniaWBibliotece #AgnieszkaMorstin #AndrzejWajda #PolskieKino #Film #PatroniRoku \t\t\t\t\t<\/a>\n\t\t\t<\/span>\n\t<span class=\"cff-expand\">&#8230; <a href=\"#\" style=\"color: #\"><span class=\"cff-more\">Zobacz wi\u0119cej<\/span><span class=\"cff-less\">Zobacz mniej<\/span><\/a><\/span>\n\n<\/div>\n\n<\/div>\n\n\n\n<div id=\"cff_207994635881349_1411554637667564\" class=\"cff-item cff-status-post author-biblioteka-pedagogiczna-im-heleny-radli-skiej-w-siedlcach\"  style=\"border-bottom: 1px solid #;\">\n\t<div class=\"cff-author\">\n\t<div class=\"cff-author-text\">\n\t\t\t\t\t<div class=\"cff-page-name cff-author-date\" >\n\t\t\t\t<a href=\"https:\/\/facebook.com\/207994635881349\" target=\"_blank\" rel=\"nofollow noopener\">Biblioteka Pedagogiczna im. Heleny Radli\u0144skiej w Siedlcach<\/a>\n\t\t\t\t<span class=\"cff-story\"> <\/span>\n\t\t\t<\/div>\n\t\t\t\n<p class=\"cff-date\" > 2 tyg. temu <\/p>\n\t\t\t<\/div>\n\t<div class=\"cff-author-img \" data-avatar=\"https:\/\/scontent.fwaw3-2.fna.fbcdn.net\/v\/t39.30808-1\/384307013_704980664991635_6853761078683845783_n.jpg?stp=c98.0.1852.1853a_cp0_dst-jpg_s50x50_tt6&#038;_nc_cat=110&#038;ccb=1-7&#038;_nc_sid=f907e8&#038;_nc_ohc=2gh3aqyWytYQ7kNvwHFWGSf&#038;_nc_oc=AdrsJK0Eq9-K4gzaNFTzXUBcAgpkDTeDV_MfodktqQ-YeIRUmno2ZaZ5LOM5eg7G_U8&#038;_nc_zt=24&#038;_nc_ht=scontent.fwaw3-2.fna&#038;edm=AKIiGfEEAAAA&#038;_nc_gid=Yy_MMGZui2vhI8o985bMJQ&#038;_nc_tpa=Q5bMBQEmRICpk4UfoyEfoTKAoJycmrfbcbz3SBaZCC0un6_EVm-0nbt3XiFPg6HtB7_3_CXL8s4lrRwvvQ&#038;oh=00_Af1sME_rT8ZSGfsc9xPKI-gXKCshScwoQepaaKb6c9LM9g&#038;oe=69F0FA01\">\n\t\t<a href=\"https:\/\/facebook.com\/207994635881349\" target=\"_blank\" rel=\"nofollow noopener\"><img decoding=\"async\" src=\"https:\/\/scontent.fwaw3-2.fna.fbcdn.net\/v\/t39.30808-1\/384307013_704980664991635_6853761078683845783_n.jpg?stp=c98.0.1852.1853a_cp0_dst-jpg_s50x50_tt6&#038;_nc_cat=110&#038;ccb=1-7&#038;_nc_sid=f907e8&#038;_nc_ohc=2gh3aqyWytYQ7kNvwHFWGSf&#038;_nc_oc=AdrsJK0Eq9-K4gzaNFTzXUBcAgpkDTeDV_MfodktqQ-YeIRUmno2ZaZ5LOM5eg7G_U8&#038;_nc_zt=24&#038;_nc_ht=scontent.fwaw3-2.fna&#038;edm=AKIiGfEEAAAA&#038;_nc_gid=Yy_MMGZui2vhI8o985bMJQ&#038;_nc_tpa=Q5bMBQEmRICpk4UfoyEfoTKAoJycmrfbcbz3SBaZCC0un6_EVm-0nbt3XiFPg6HtB7_3_CXL8s4lrRwvvQ&#038;oh=00_Af1sME_rT8ZSGfsc9xPKI-gXKCshScwoQepaaKb6c9LM9g&#038;oe=69F0FA01\" title=\"Biblioteka Pedagogiczna im. Heleny Radli\u0144skiej w Siedlcach\" alt=\"Biblioteka Pedagogiczna im. Heleny Radli\u0144skiej w Siedlcach\" width=40 height=40 onerror=\"this.style.display='none'\"><\/a>\n\t<\/div>\n<\/div>\n\n<div class=\"cff-post-text\" >\n\t<span class=\"cff-text\" data-color=\"\">\n\t\t\t\t\t<a class=\"cff-post-text-link\" href=\"https:\/\/www.facebook.com\/865882632010276\/posts\/1398358358762698\" target=\"_blank\" rel=\"nofollow noopener\">\n\t\t\tTo by\u0142 czas pe\u0142en inspiracji i dobrych praktyk \u2013 dzi\u0119kujemy za energi\u0119 i wymian\u0119 do\u015bwiadcze\u0144! \ud83d\udc99\ud83d\udcda \t\t\t\t\t<\/a>\n\t\t\t<\/span>\n\t<span class=\"cff-expand\">&#8230; <a href=\"#\" style=\"color: #\"><span class=\"cff-more\">Zobacz wi\u0119cej<\/span><span class=\"cff-less\">Zobacz mniej<\/span><\/a><\/span>\n\n<\/div>\n\n<\/div>\n\n\n\n<\/div><input class=\"cff-pag-url\" type=\"hidden\" data-locatornonce=\"fc2eb92533\" data-cff-shortcode=\"{&quot;feed&quot;: &quot;16&quot;}\" data-post-id=\"325699\" data-feed-id=\"207994635881349\"><\/div><\/div><div class=\"cff-clear\"><\/div><\/div><\/div>\n\n\n\n<div class=\"wp-block-column is-layout-flow wp-block-column-is-layout-flow\">\n<h2 class=\"wp-block-heading\" style=\"font-size:30px\"><strong>Patrons<\/strong><\/h2>\n\n\n\n<p>Sejm ustanowi\u0142 patron\u00f3w 2021 r. Podczas trzeciego dnia 21. posiedzenia Izba uhonorowa\u0142a: kard. Stefana Wyszy\u0144skiego, Stanis\u0142awa Lema, Cypriana Kamila Norwida, Krzysztofa Kamila Baczy\u0144skiego oraz Tadeusza R\u00f3\u017cewicza. 2021 b\u0119dzie tak\u017ce rokiem Konstytucji 3 Maja.<\/p>\n\n\n\n<figure class=\"wp-block-image size-large\"><img loading=\"lazy\" decoding=\"async\" width=\"570\" height=\"300\" src=\"https:\/\/bpsiedlce.pl\/wp-content\/uploads\/sites\/5\/2021\/07\/1.jpg\" alt=\"Sejm\" class=\"wp-image-1451\" srcset=\"https:\/\/bpsiedlce.pl\/wp-content\/uploads\/sites\/5\/2021\/07\/1.jpg 570w, https:\/\/bpsiedlce.pl\/wp-content\/uploads\/sites\/5\/2021\/07\/1-300x158.jpg 300w, https:\/\/bpsiedlce.pl\/wp-content\/uploads\/sites\/5\/2021\/07\/1-24x13.jpg 24w, https:\/\/bpsiedlce.pl\/wp-content\/uploads\/sites\/5\/2021\/07\/1-36x19.jpg 36w, https:\/\/bpsiedlce.pl\/wp-content\/uploads\/sites\/5\/2021\/07\/1-48x25.jpg 48w\" sizes=\"auto, (max-width: 570px) 100vw, 570px\" \/><\/figure>\n\n\n\n<div class=\"wp-block-buttons is-layout-flex wp-block-buttons-is-layout-flex\">\n<div class=\"wp-block-button is-style-outline bs-button is-style-outline--1\"><a class=\"wp-block-button__link has-white-background-color has-text-color has-background wp-element-button\" href=\"https:\/\/bpsiedlce.pl\/bibliografie-osobowe\/\" style=\"border-radius:50px;color:#070707\"><strong>View all<\/strong><\/a><\/div>\n<\/div>\n<\/div>\n<\/div>\n","protected":false},"excerpt":{"rendered":"<p>Events Patrons Sejm ustanowi\u0142 patron\u00f3w 2021 r. Podczas trzeciego dnia 21. posiedzenia Izba uhonorowa\u0142a: kard. Stefana Wyszy\u0144skiego, Stanis\u0142awa Lema, Cypriana [&hellip;]<\/p>\n","protected":false},"author":89,"featured_media":0,"parent":0,"menu_order":0,"comment_status":"closed","ping_status":"closed","template":"","meta":{"_acf_changed":false,"_oasis_is_in_workflow":0,"_oasis_original":0,"inline_featured_image":false,"site-sidebar-layout":"default","site-content-layout":"default","ast-site-content-layout":"default","site-content-style":"default","site-sidebar-style":"default","ast-global-header-display":"","ast-banner-title-visibility":"","ast-main-header-display":"","ast-hfb-above-header-display":"","ast-hfb-below-header-display":"","ast-hfb-mobile-header-display":"","site-post-title":"disabled","ast-breadcrumbs-content":"","ast-featured-img":"disabled","footer-sml-layout":"","ast-disable-related-posts":"","theme-transparent-header-meta":"default","adv-header-id-meta":"","stick-header-meta":"","header-above-stick-meta":"","header-main-stick-meta":"","header-below-stick-meta":"","astra-migrate-meta-layouts":"set","ast-page-background-enabled":"default","ast-page-background-meta":{"desktop":{"background-color":"","background-image":"","background-repeat":"repeat","background-position":"center center","background-size":"auto","background-attachment":"scroll","background-type":"","background-media":"","overlay-type":"","overlay-color":"","overlay-opacity":"","overlay-gradient":""},"tablet":{"background-color":"","background-image":"","background-repeat":"repeat","background-position":"center center","background-size":"auto","background-attachment":"scroll","background-type":"","background-media":"","overlay-type":"","overlay-color":"","overlay-opacity":"","overlay-gradient":""},"mobile":{"background-color":"","background-image":"","background-repeat":"repeat","background-position":"center center","background-size":"auto","background-attachment":"scroll","background-type":"","background-media":"","overlay-type":"","overlay-color":"","overlay-opacity":"","overlay-gradient":""}},"ast-content-background-meta":{"desktop":{"background-color":"var(--ast-global-color-5)","background-image":"","background-repeat":"repeat","background-position":"center center","background-size":"auto","background-attachment":"scroll","background-type":"","background-media":"","overlay-type":"","overlay-color":"","overlay-opacity":"","overlay-gradient":""},"tablet":{"background-color":"var(--ast-global-color-5)","background-image":"","background-repeat":"repeat","background-position":"center center","background-size":"auto","background-attachment":"scroll","background-type":"","background-media":"","overlay-type":"","overlay-color":"","overlay-opacity":"","overlay-gradient":""},"mobile":{"background-color":"var(--ast-global-color-5)","background-image":"","background-repeat":"repeat","background-position":"center center","background-size":"auto","background-attachment":"scroll","background-type":"","background-media":"","overlay-type":"","overlay-color":"","overlay-opacity":"","overlay-gradient":""}},"_themeisle_gutenberg_block_has_review":false,"footnotes":""},"class_list":["post-325699","page","type-page","status-publish","hentry"],"acf":[],"featured_image_urls_v2":{"full":"","thumbnail":"","medium":"","medium_large":"","large":"","1536x1536":"","2048x2048":"","menu-24x24":"","menu-36x36":"","menu-48x48":"","mailpoet_newsletter_max":""},"post_excerpt_stackable_v2":"<p>Branches Garwolin Contact: street T. Ko\u015bciuszki 51 08-400 Garwolin Tel. 25 740-50-48 \u0141osice Contact: street J. Pi\u0142sudskiego 9 08-200 \u0141osice Tel. 25 740-50-48 Mi\u0144sk Mazowiecki Contact: street J. Pi\u0142sudskiego 1a 05-300 Mi\u0144sk Mazowiecki Tel. 25 740-50-48 Soko\u0142\u00f3w Podlaski Contact: street Oleksiaka Wichury 3 08-300 Soko\u0142\u00f3w Podlaski Tel. 25 740-50-48 W\u0119gr\u00f3w Contact: street J. Pi\u0142sudskiego 23 07-100 W\u0119gr\u00f3w Tel. 25 740-50-48 News 1 Filter All AkcjeAktualno\u015bciGalleryKonferencjeKonkursyRoczniceSpotkaniaSpotkania autorskieUncategorizedWarsztatyWspomaganie szk\u00f3\u0142 i plac\u00f3wek o\u015bwiatowychWystawyZaj\u0119cia edukacyjne See more No posts matching the criteria E-services E-Journal Internship enrollment Renting exhibitions Report an error Events Events Close Date: Time: Location: View more details Sign up for the&hellip;<\/p>\n","category_list_v2":"","author_info_v2":{"name":"dstolarek","url":"https:\/\/bpsiedlce.pl\/en\/author\/dstolarek\/"},"comments_num_v2":"0 comments","_links":{"self":[{"href":"https:\/\/bpsiedlce.pl\/en\/wp-json\/wp\/v2\/pages\/325699","targetHints":{"allow":["GET"]}}],"collection":[{"href":"https:\/\/bpsiedlce.pl\/en\/wp-json\/wp\/v2\/pages"}],"about":[{"href":"https:\/\/bpsiedlce.pl\/en\/wp-json\/wp\/v2\/types\/page"}],"author":[{"embeddable":true,"href":"https:\/\/bpsiedlce.pl\/en\/wp-json\/wp\/v2\/users\/89"}],"replies":[{"embeddable":true,"href":"https:\/\/bpsiedlce.pl\/en\/wp-json\/wp\/v2\/comments?post=325699"}],"version-history":[{"count":13,"href":"https:\/\/bpsiedlce.pl\/en\/wp-json\/wp\/v2\/pages\/325699\/revisions"}],"predecessor-version":[{"id":329458,"href":"https:\/\/bpsiedlce.pl\/en\/wp-json\/wp\/v2\/pages\/325699\/revisions\/329458"}],"wp:attachment":[{"href":"https:\/\/bpsiedlce.pl\/en\/wp-json\/wp\/v2\/media?parent=325699"}],"curies":[{"name":"wp","href":"https:\/\/api.w.org\/{rel}","templated":true}]}}